{"id":22988716,"date":"2025-01-17T18:25:45","date_gmt":"2025-01-17T17:25:45","guid":{"rendered":"https:\/\/agricacao.agrimontana.it\/index.php\/sur-del-lago\/"},"modified":"2025-07-21T17:15:30","modified_gmt":"2025-07-21T15:15:30","slug":"sur-del-lago","status":"publish","type":"page","link":"https:\/\/agricacao.agrimontana.it\/fr\/index.php\/sur-del-lago\/","title":{"rendered":"Sur del lago"},"content":{"rendered":"<p>[et_pb_section fb_built=\u00a0\u00bb1&Prime; _builder_version=\u00a0\u00bb4.27.4&Prime; _module_preset=\u00a0\u00bbdefault\u00a0\u00bb background_color=\u00a0\u00bbRGBA(255,255,255,0)\u00a0\u00bb background_image=\u00a0\u00bbhttps:\/\/agricacao.agrimontana.it\/wp-content\/uploads\/2024\/08\/fondo_Agricacao.jpg\u00a0\u00bb parallax=\u00a0\u00bbon\u00a0\u00bb custom_margin=\u00a0\u00bb0px||||false|false\u00a0\u00bb custom_padding=\u00a0\u00bb0px||||false|false\u00a0\u00bb locked=\u00a0\u00bboff\u00a0\u00bb global_colors_info=\u00a0\u00bb{}\u00a0\u00bb][et_pb_row _builder_version=\u00a0\u00bb4.27.4&Prime; _module_preset=\u00a0\u00bbdefault\u00a0\u00bb width_tablet=\u00a0\u00bb\u00a0\u00bb width_phone=\u00a0\u00bb80%\u00a0\u00bb width_last_edited=\u00a0\u00bbon|phone\u00a0\u00bb global_colors_info=\u00a0\u00bb{}\u00a0\u00bb][et_pb_column type=\u00a0\u00bb4_4&Prime; _builder_version=\u00a0\u00bb4.27.4&Prime; _module_preset=\u00a0\u00bbdefault\u00a0\u00bb global_colors_info=\u00a0\u00bb{}\u00a0\u00bb][et_pb_image src=\u00a0\u00bbhttps:\/\/agricacao.agrimontana.it\/wp-content\/uploads\/2025\/01\/LOGO-SUR-DEL-LAGO.webp\u00a0\u00bb title_text=\u00a0\u00bbLOGO SUR DEL LAGO\u00a0\u00bb _builder_version=\u00a0\u00bb4.27.4&Prime; _module_preset=\u00a0\u00bbdefault\u00a0\u00bb global_colors_info=\u00a0\u00bb{}\u00a0\u00bb][\/et_pb_image][et_pb_text _builder_version=\u00a0\u00bb4.27.4&Prime; _module_preset=\u00a0\u00bbdefault\u00a0\u00bb text_font=\u00a0\u00bb|300|||||||\u00a0\u00bb header_3_text_color=\u00a0\u00bb#BBA079&Prime; header_3_letter_spacing=\u00a0\u00bb2px\u00a0\u00bb width=\u00a0\u00bb100%\u00a0\u00bb module_alignment=\u00a0\u00bbcenter\u00a0\u00bb custom_margin=\u00a0\u00bb||||false|false\u00a0\u00bb custom_padding=\u00a0\u00bb|||20%|false|false\u00a0\u00bb custom_padding_tablet=\u00a0\u00bb|||23%|false|false\u00a0\u00bb custom_padding_phone=\u00a0\u00bb|||0%|false|false\u00a0\u00bb custom_padding_last_edited=\u00a0\u00bbon|phone\u00a0\u00bb global_colors_info=\u00a0\u00bb{}\u00a0\u00bb]<\/p>\n<p>Sur del Lago, avec ses notes raffin\u00e9es d\u2019amandes et de caf\u00e9, incarne l\u2019essence du cacao v\u00e9n\u00e9zu\u00e9lien, riche d\u2019histoire et de tradition.<br \/>Ce chocolat \u00e9voque les terres fertiles qui entourent le lac Maracaibo, un lieu o\u00f9 la nature luxuriante et le climat parfait donnent vie \u00e0 un cacao d\u2019une finesse et d\u2019une persistance rares.<\/p>\n<p>[\/et_pb_text][\/et_pb_column][\/et_pb_row][et_pb_row column_structure=\u00a0\u00bb1_4,3_4&Prime; use_custom_gutter=\u00a0\u00bbon\u00a0\u00bb gutter_width=\u00a0\u00bb1&Prime; disabled_on=\u00a0\u00bboff|off|on\u00a0\u00bb _builder_version=\u00a0\u00bb4.27.4&Prime; _module_preset=\u00a0\u00bbdefault\u00a0\u00bb width=\u00a0\u00bb100%\u00a0\u00bb custom_css_main_element=\u00a0\u00bbdisplay: flex;\u00a0\u00bb global_colors_info=\u00a0\u00bb{}\u00a0\u00bb][et_pb_column type=\u00a0\u00bb1_4&Prime; _builder_version=\u00a0\u00bb4.27.4&Prime; _module_preset=\u00a0\u00bbdefault\u00a0\u00bb global_colors_info=\u00a0\u00bb{}\u00a0\u00bb][bck_floating_image disabled_on=\u00a0\u00bboff|on|on\u00a0\u00bb _builder_version=\u00a0\u00bb4.27.4&Prime; _module_preset=\u00a0\u00bbdefault\u00a0\u00bb module_alignment=\u00a0\u00bbcenter\u00a0\u00bb custom_margin=\u00a0\u00bb20%||||false|false\u00a0\u00bb custom_margin_tablet=\u00a0\u00bb20%||||false|false\u00a0\u00bb custom_margin_phone=\u00a0\u00bb0%||||false|false\u00a0\u00bb custom_margin_last_edited=\u00a0\u00bbon|phone\u00a0\u00bb animation_style=\u00a0\u00bbbounce\u00a0\u00bb module_alignment_tablet=\u00a0\u00bbcenter\u00a0\u00bb module_alignment_phone=\u00a0\u00bbcenter\u00a0\u00bb module_alignment_last_edited=\u00a0\u00bbon|phone\u00a0\u00bb global_colors_info=\u00a0\u00bb{}\u00a0\u00bb][bck_floating_image_child image=\u00a0\u00bbhttps:\/\/agricacao.agrimontana.it\/wp-content\/uploads\/2025\/01\/LOGO-GRAN-CRU-VENEZUELA.webp\u00a0\u00bb translate_from_y=\u00a0\u00bb-10px\u00a0\u00bb translate_to_y=\u00a0\u00bb10px\u00a0\u00bb item_width=\u00a0\u00bb40%\u00a0\u00bb offset_x=\u00a0\u00bb30%\u00a0\u00bb offset_x_tablet=\u00a0\u00bb30%\u00a0\u00bb offset_x_phone=\u00a0\u00bb37%\u00a0\u00bb offset_x_last_edited=\u00a0\u00bbon|phone\u00a0\u00bb _builder_version=\u00a0\u00bb4.27.4&Prime; _module_preset=\u00a0\u00bbdefault\u00a0\u00bb custom_margin=\u00a0\u00bb||||false|false\u00a0\u00bb global_colors_info=\u00a0\u00bb{}\u00a0\u00bb][\/bck_floating_image_child][\/bck_floating_image][\/et_pb_column][et_pb_column type=\u00a0\u00bb3_4&Prime; _builder_version=\u00a0\u00bb4.27.4&Prime; _module_preset=\u00a0\u00bbdefault\u00a0\u00bb custom_padding=\u00a0\u00bb0px|0px|0px|0px|false|false\u00a0\u00bb global_colors_info=\u00a0\u00bb{}\u00a0\u00bb][dsm_tilt_image src=\u00a0\u00bbhttps:\/\/agricacao.agrimontana.it\/wp-content\/uploads\/2025\/01\/Cabossa-SurDelLago.webp\u00a0\u00bb title_text=\u00a0\u00bbCabossa SurDelLago\u00a0\u00bb dsm_tilt_max=\u00a0\u00bb24&Prime; dsm_use_glare=\u00a0\u00bbon\u00a0\u00bb dsm_use_parallax=\u00a0\u00bbon\u00a0\u00bb align=\u00a0\u00bbright\u00a0\u00bb _builder_version=\u00a0\u00bb4.27.4&Prime; _module_preset=\u00a0\u00bbdefault\u00a0\u00bb width=\u00a0\u00bb60%\u00a0\u00bb width_tablet=\u00a0\u00bb60%\u00a0\u00bb width_phone=\u00a0\u00bb100%\u00a0\u00bb width_last_edited=\u00a0\u00bbon|phone\u00a0\u00bb module_alignment=\u00a0\u00bbcenter\u00a0\u00bb custom_margin=\u00a0\u00bb||0px||false|false\u00a0\u00bb custom_padding=\u00a0\u00bb||0px||false|false\u00a0\u00bb global_colors_info=\u00a0\u00bb{}\u00a0\u00bb][\/dsm_tilt_image][\/et_pb_column][\/et_pb_row][et_pb_row column_structure=\u00a0\u00bb1_3,2_3&Prime; disabled_on=\u00a0\u00bbon|on|off\u00a0\u00bb _builder_version=\u00a0\u00bb4.27.4&Prime; _module_preset=\u00a0\u00bbdefault\u00a0\u00bb module_alignment=\u00a0\u00bbcenter\u00a0\u00bb custom_css_main_element=\u00a0\u00bbdisplay: flex;\u00a0\u00bb global_colors_info=\u00a0\u00bb{}\u00a0\u00bb][et_pb_column type=\u00a0\u00bb1_3&Prime; _builder_version=\u00a0\u00bb4.27.4&Prime; _module_preset=\u00a0\u00bbdefault\u00a0\u00bb global_colors_info=\u00a0\u00bb{}\u00a0\u00bb][bck_floating_image _builder_version=\u00a0\u00bb4.27.4&Prime; _module_preset=\u00a0\u00bbdefault\u00a0\u00bb module_alignment=\u00a0\u00bbcenter\u00a0\u00bb custom_margin=\u00a0\u00bb20%||||false|false\u00a0\u00bb custom_margin_tablet=\u00a0\u00bb20%||||false|false\u00a0\u00bb custom_margin_phone=\u00a0\u00bb0%||||false|false\u00a0\u00bb custom_margin_last_edited=\u00a0\u00bbon|phone\u00a0\u00bb animation_style=\u00a0\u00bbbounce\u00a0\u00bb module_alignment_tablet=\u00a0\u00bbcenter\u00a0\u00bb module_alignment_phone=\u00a0\u00bbleft\u00a0\u00bb module_alignment_last_edited=\u00a0\u00bbon|phone\u00a0\u00bb global_colors_info=\u00a0\u00bb{}\u00a0\u00bb][bck_floating_image_child image=\u00a0\u00bbhttps:\/\/agricacao.agrimontana.it\/wp-content\/uploads\/2025\/01\/LOGO-GRAN-CRU-VENEZUELA.webp\u00a0\u00bb translate_from_y=\u00a0\u00bb-10px\u00a0\u00bb translate_to_y=\u00a0\u00bb10px\u00a0\u00bb item_width=\u00a0\u00bb40%\u00a0\u00bb offset_x=\u00a0\u00bb30%\u00a0\u00bb offset_x_tablet=\u00a0\u00bb30%\u00a0\u00bb offset_x_phone=\u00a0\u00bb0%\u00a0\u00bb offset_x_last_edited=\u00a0\u00bbon|phone\u00a0\u00bb _builder_version=\u00a0\u00bb4.27.4&Prime; _module_preset=\u00a0\u00bbdefault\u00a0\u00bb custom_margin=\u00a0\u00bb-20%||||false|false\u00a0\u00bb global_colors_info=\u00a0\u00bb{}\u00a0\u00bb][\/bck_floating_image_child][\/bck_floating_image][\/et_pb_column][et_pb_column type=\u00a0\u00bb2_3&Prime; _builder_version=\u00a0\u00bb4.27.4&Prime; _module_preset=\u00a0\u00bbdefault\u00a0\u00bb global_colors_info=\u00a0\u00bb{}\u00a0\u00bb][dsm_tilt_image src=\u00a0\u00bbhttps:\/\/agricacao.agrimontana.it\/wp-content\/uploads\/2025\/01\/Cabossa-SurDelLago.webp\u00a0\u00bb title_text=\u00a0\u00bbCabossa SurDelLago\u00a0\u00bb dsm_tilt_max=\u00a0\u00bb24&Prime; dsm_use_glare=\u00a0\u00bbon\u00a0\u00bb dsm_use_parallax=\u00a0\u00bbon\u00a0\u00bb align=\u00a0\u00bbright\u00a0\u00bb _builder_version=\u00a0\u00bb4.27.4&Prime; _module_preset=\u00a0\u00bbdefault\u00a0\u00bb width=\u00a0\u00bb60%\u00a0\u00bb width_tablet=\u00a0\u00bb60%\u00a0\u00bb width_phone=\u00a0\u00bb100%\u00a0\u00bb width_last_edited=\u00a0\u00bbon|phone\u00a0\u00bb module_alignment=\u00a0\u00bbcenter\u00a0\u00bb custom_margin=\u00a0\u00bb||0px||false|false\u00a0\u00bb custom_padding=\u00a0\u00bb||0px||false|false\u00a0\u00bb global_colors_info=\u00a0\u00bb{}\u00a0\u00bb][\/dsm_tilt_image][\/et_pb_column][\/et_pb_row][et_pb_row column_structure=\u00a0\u00bb1_2,1_2&Prime; use_custom_gutter=\u00a0\u00bbon\u00a0\u00bb gutter_width=\u00a0\u00bb1&Prime; make_equal=\u00a0\u00bbon\u00a0\u00bb _builder_version=\u00a0\u00bb4.27.4&Prime; _module_preset=\u00a0\u00bbdefault\u00a0\u00bb module_alignment=\u00a0\u00bbcenter\u00a0\u00bb global_colors_info=\u00a0\u00bb{}\u00a0\u00bb][et_pb_column type=\u00a0\u00bb1_2&Prime; _builder_version=\u00a0\u00bb4.27.4&Prime; _module_preset=\u00a0\u00bbdefault\u00a0\u00bb global_colors_info=\u00a0\u00bb{}\u00a0\u00bb][dsm_tilt_image src=\u00a0\u00bbhttps:\/\/agricacao.agrimontana.it\/wp-content\/uploads\/2025\/01\/firefly_surdellago.webp\u00a0\u00bb alt=\u00a0\u00bbPlumbago\u00a0\u00bb title_text=\u00a0\u00bbfirefly_surdellago\u00a0\u00bb dsm_tilt_max=\u00a0\u00bb24&Prime; dsm_tilt_reverse=\u00a0\u00bbon\u00a0\u00bb align=\u00a0\u00bbcenter\u00a0\u00bb _builder_version=\u00a0\u00bb4.27.4&Prime; _module_preset=\u00a0\u00bbdefault\u00a0\u00bb width=\u00a0\u00bb80%\u00a0\u00bb module_alignment=\u00a0\u00bbright\u00a0\u00bb custom_margin=\u00a0\u00bb-50%||||false|false\u00a0\u00bb global_colors_info=\u00a0\u00bb{}\u00a0\u00bb][\/dsm_tilt_image][\/et_pb_column][et_pb_column type=\u00a0\u00bb1_2&Prime; _builder_version=\u00a0\u00bb4.27.4&Prime; _module_preset=\u00a0\u00bbdefault\u00a0\u00bb global_colors_info=\u00a0\u00bb{}\u00a0\u00bb][et_pb_text _builder_version=\u00a0\u00bb4.27.4&Prime; _module_preset=\u00a0\u00bbdefault\u00a0\u00bb text_font=\u00a0\u00bb|300|||||||\u00a0\u00bb header_3_font=\u00a0\u00bb|&#8211;et_global_heading_font_weight|||||||\u00a0\u00bb header_3_text_color=\u00a0\u00bb#BBA079&Prime; header_3_letter_spacing=\u00a0\u00bb2px\u00a0\u00bb width=\u00a0\u00bb80%\u00a0\u00bb module_alignment=\u00a0\u00bbleft\u00a0\u00bb custom_margin=\u00a0\u00bb||||false|false\u00a0\u00bb custom_padding=\u00a0\u00bb||||false|false\u00a0\u00bb module_alignment_tablet=\u00a0\u00bbleft\u00a0\u00bb module_alignment_phone=\u00a0\u00bbcenter\u00a0\u00bb module_alignment_last_edited=\u00a0\u00bbon|phone\u00a0\u00bb global_colors_info=\u00a0\u00bb{}\u00a0\u00bb]<\/p>\n<p>La fleur de cacao, qui fleuris directement sur le tronc de l\u2019arbre (cauliflore), est le symbole de cette terre : d\u00e9licate et forte \u00e0 la fois.<br \/>Ses p\u00e9tales blancs, verts ou roses renferment l\u2019\u00e9nergie d\u2019une tradition mill\u00e9naire. <\/p>\n<p>[\/et_pb_text][\/et_pb_column][\/et_pb_row][et_pb_row column_structure=\u00a0\u00bb1_4,3_4&Prime; use_custom_gutter=\u00a0\u00bbon\u00a0\u00bb gutter_width=\u00a0\u00bb1&Prime; make_equal=\u00a0\u00bbon\u00a0\u00bb _builder_version=\u00a0\u00bb4.27.4&Prime; _module_preset=\u00a0\u00bbdefault\u00a0\u00bb module_alignment=\u00a0\u00bbcenter\u00a0\u00bb global_colors_info=\u00a0\u00bb{}\u00a0\u00bb][et_pb_column type=\u00a0\u00bb1_4&Prime; _builder_version=\u00a0\u00bb4.27.4&Prime; _module_preset=\u00a0\u00bbdefault\u00a0\u00bb global_colors_info=\u00a0\u00bb{}\u00a0\u00bb][et_pb_image src=\u00a0\u00bbhttps:\/\/agricacao.agrimontana.it\/wp-content\/uploads\/2025\/01\/Pastiglia-e1736963929580.webp\u00a0\u00bb alt=\u00a0\u00bbPastiglia di Cacao\u00a0\u00bb title_text=\u00a0\u00bbPastiglia di Cacao\u00a0\u00bb align=\u00a0\u00bbright\u00a0\u00bb align_tablet=\u00a0\u00bb\u00a0\u00bb align_phone=\u00a0\u00bbleft\u00a0\u00bb align_last_edited=\u00a0\u00bbon|phone\u00a0\u00bb _builder_version=\u00a0\u00bb4.27.4&Prime; _module_preset=\u00a0\u00bbdefault\u00a0\u00bb width=\u00a0\u00bb30%\u00a0\u00bb width_tablet=\u00a0\u00bb30%\u00a0\u00bb width_phone=\u00a0\u00bb20%\u00a0\u00bb width_last_edited=\u00a0\u00bbon|desktop\u00a0\u00bb module_alignment=\u00a0\u00bbright\u00a0\u00bb custom_margin=\u00a0\u00bb-5%||||false|false\u00a0\u00bb module_alignment_tablet=\u00a0\u00bbright\u00a0\u00bb module_alignment_phone=\u00a0\u00bbleft\u00a0\u00bb module_alignment_last_edited=\u00a0\u00bbon|phone\u00a0\u00bb global_colors_info=\u00a0\u00bb{}\u00a0\u00bb][\/et_pb_image][\/et_pb_column][et_pb_column type=\u00a0\u00bb3_4&Prime; _builder_version=\u00a0\u00bb4.27.4&Prime; _module_preset=\u00a0\u00bbdefault\u00a0\u00bb global_colors_info=\u00a0\u00bb{}\u00a0\u00bb][et_pb_heading title=\u00a0\u00bbProfil aromatique\u00a0\u00bb _builder_version=\u00a0\u00bb4.27.4&Prime; _module_preset=\u00a0\u00bbdefault\u00a0\u00bb global_colors_info=\u00a0\u00bb{}\u00a0\u00bb][\/et_pb_heading][et_pb_text _builder_version=\u00a0\u00bb4.27.4&Prime; _module_preset=\u00a0\u00bbdefault\u00a0\u00bb header_3_text_color=\u00a0\u00bb#ac8b5b\u00a0\u00bb header_3_font_size=\u00a0\u00bb20px\u00a0\u00bb width=\u00a0\u00bb100%\u00a0\u00bb module_alignment=\u00a0\u00bbleft\u00a0\u00bb custom_margin=\u00a0\u00bb||||false|false\u00a0\u00bb custom_padding=\u00a0\u00bb||||false|false\u00a0\u00bb global_colors_info=\u00a0\u00bb{}\u00a0\u00bb]<\/p>\n<p>Sur del Lago se caract\u00e9rise par une grande complexit\u00e9 aromatique, avec un parfait \u00e9quilibre entre finesse et rondeur.<br \/>Ses notes d\u2019amandes grill\u00e9es, de caramel et de caf\u00e9, avec un arri\u00e8re-go\u00fbt persistant, le rendent id\u00e9al pour les processus de haute p\u00e2tisserie, les pralin\u00e9s et les ganaches. Parfait pour ceux qui recherchent une exp\u00e9rience sensorielle alliant la rondeur du cacao v\u00e9n\u00e9zu\u00e9lien \u00e0 la d\u00e9licatesse d\u2019un chocolat qui c\u00e9l\u00e8bre l\u2019authenticit\u00e9 de ses origines. <\/p>\n<p>[\/et_pb_text][dipl_tabs _builder_version=\u00a0\u00bb4.27.4&Prime; _module_preset=\u00a0\u00bbdefault\u00a0\u00bb global_colors_info=\u00a0\u00bb{}\u00a0\u00bb][\/dipl_tabs][\/et_pb_column][\/et_pb_row][et_pb_row _builder_version=\u00a0\u00bb4.27.4&Prime; _module_preset=\u00a0\u00bbdefault\u00a0\u00bb locked=\u00a0\u00bboff\u00a0\u00bb global_colors_info=\u00a0\u00bb{}\u00a0\u00bb][et_pb_column type=\u00a0\u00bb4_4&Prime; _builder_version=\u00a0\u00bb4.27.4&Prime; _module_preset=\u00a0\u00bbdefault\u00a0\u00bb global_colors_info=\u00a0\u00bb{}\u00a0\u00bb][et_pb_heading title=\u00a0\u00bbLa Gamme\u00a0\u00bb _builder_version=\u00a0\u00bb4.27.4&Prime; _module_preset=\u00a0\u00bbdefault\u00a0\u00bb title_level=\u00a0\u00bbh2&Prime; title_text_align=\u00a0\u00bbcenter\u00a0\u00bb title_text_color=\u00a0\u00bb#94693A\u00a0\u00bb title_font_size=\u00a0\u00bb42px\u00a0\u00bb global_colors_info=\u00a0\u00bb{}\u00a0\u00bb][\/et_pb_heading][dipl_image_card_carousel cards_per_slide=\u00a0\u00bb2&Prime; space_between_slides=\u00a0\u00bb0px\u00a0\u00bb equalize_slides_height=\u00a0\u00bbon\u00a0\u00bb autoplay=\u00a0\u00bboff\u00a0\u00bb show_control_dot=\u00a0\u00bbon\u00a0\u00bb control_dot_active_color=\u00a0\u00bb#94693A\u00a0\u00bb slider_container_custom_padding=\u00a0\u00bb||||false|false\u00a0\u00bb cards_per_slide_tablet=\u00a0\u00bb2&Prime; cards_per_slide_phone=\u00a0\u00bb1&Prime; _builder_version=\u00a0\u00bb4.27.4&Prime; _module_preset=\u00a0\u00bbdefault\u00a0\u00bb title_level=\u00a0\u00bbh3&Prime; title_text_align=\u00a0\u00bbcenter\u00a0\u00bb content_text_align=\u00a0\u00bbcenter\u00a0\u00bb background_color=\u00a0\u00bb#ffffff\u00a0\u00bb text_orientation=\u00a0\u00bbcenter\u00a0\u00bb width=\u00a0\u00bb34%\u00a0\u00bb module_alignment=\u00a0\u00bbcenter\u00a0\u00bb custom_margin=\u00a0\u00bb||||false|false\u00a0\u00bb hover_enabled=\u00a0\u00bb0&Prime; global_colors_info=\u00a0\u00bb{}\u00a0\u00bb sticky_enabled=\u00a0\u00bb0&Prime;][dipl_image_card_carousel_item title=\u00a0\u00bb100%\u00a0\u00bb image=\u00a0\u00bbhttps:\/\/agricacao.agrimontana.it\/wp-content\/uploads\/2025\/07\/Agricacao_SaccoAlluminato_SurDelLago100_.jpg\u00a0\u00bb image_alt=\u00a0\u00bbAgricacao Sacco Alluminato SurDelLago100% Massa di Cacao\u00a0\u00bb icon_font_size=\u00a0\u00bb1px\u00a0\u00bb content_custom_padding=\u00a0\u00bb0px||0px||true|true\u00a0\u00bb _builder_version=\u00a0\u00bb4.27.4&Prime; _module_preset=\u00a0\u00bbdefault\u00a0\u00bb title_level=\u00a0\u00bbh3&Prime; title_text_align=\u00a0\u00bbcenter\u00a0\u00bb title_text_color=\u00a0\u00bb#4F271B\u00a0\u00bb title_font_size=\u00a0\u00bb35px\u00a0\u00bb content_font=\u00a0\u00bb|600|||||||\u00a0\u00bb content_text_align=\u00a0\u00bbcenter\u00a0\u00bb content_text_color=\u00a0\u00bb#4F271B\u00a0\u00bb content_font_size=\u00a0\u00bb16px\u00a0\u00bb text_orientation=\u00a0\u00bbcenter\u00a0\u00bb module_alignment=\u00a0\u00bbcenter\u00a0\u00bb custom_margin=\u00a0\u00bb||0px||false|false\u00a0\u00bb custom_padding=\u00a0\u00bb||0px||false|false\u00a0\u00bb hover_enabled=\u00a0\u00bb0&Prime; global_colors_info=\u00a0\u00bb{}\u00a0\u00bb sticky_enabled=\u00a0\u00bb0&Prime;]<\/p>\n<p>MASSE DE CACAO<br \/><i>\u00a0<\/i><\/p>\n<p>[\/dipl_image_card_carousel_item][dipl_image_card_carousel_item title=\u00a0\u00bb74%\u00a0\u00bb image=\u00a0\u00bbhttps:\/\/agricacao.agrimontana.it\/wp-content\/uploads\/2025\/07\/Agricacao_SacchiAlluminato_SurDelLago100_.jpg\u00a0\u00bb image_alt=\u00a0\u00bbAgricacao Sacchi Alluminato SurDelLago 100% Copertura Fondente\u00a0\u00bb icon_font_size=\u00a0\u00bb1px\u00a0\u00bb content_custom_padding=\u00a0\u00bb0px||0px||true|true\u00a0\u00bb _builder_version=\u00a0\u00bb4.27.4&Prime; _module_preset=\u00a0\u00bbdefault\u00a0\u00bb title_level=\u00a0\u00bbh3&Prime; title_text_align=\u00a0\u00bbcenter\u00a0\u00bb title_text_color=\u00a0\u00bb#773525&Prime; title_font_size=\u00a0\u00bb35px\u00a0\u00bb content_font=\u00a0\u00bb|600|||||||\u00a0\u00bb content_text_align=\u00a0\u00bbcenter\u00a0\u00bb content_text_color=\u00a0\u00bb#4F271B\u00a0\u00bb content_font_size=\u00a0\u00bb16px\u00a0\u00bb text_orientation=\u00a0\u00bbcenter\u00a0\u00bb module_alignment=\u00a0\u00bbcenter\u00a0\u00bb custom_margin=\u00a0\u00bb||0px||false|false\u00a0\u00bb custom_padding=\u00a0\u00bb||0px||false|false\u00a0\u00bb hover_enabled=\u00a0\u00bb0&Prime; global_colors_info=\u00a0\u00bb{}\u00a0\u00bb sticky_enabled=\u00a0\u00bb0&Prime;]<\/p>\n<p>COUVERTURE NOIRE<br \/><i>\u00a0<\/i><\/p>\n<p>[\/dipl_image_card_carousel_item][\/dipl_image_card_carousel][\/et_pb_column][\/et_pb_row][\/et_pb_section]<\/p>\n","protected":false},"excerpt":{"rendered":"<p>Sur del Lago, avec ses notes raffin\u00e9es d\u2019amandes et de caf\u00e9, incarne l\u2019essence du cacao v\u00e9n\u00e9zu\u00e9lien, riche d\u2019histoire et de tradition.Ce chocolat \u00e9voque les terres fertiles qui entourent le lac Maracaibo, un lieu o\u00f9 la nature luxuriante et le climat parfait donnent vie \u00e0 un cacao d\u2019une finesse et d\u2019une persistance rares.<div class=\"et_pb_module bck_floating_image bck_floating_image_0 et_animated\">\n\t\t\t\t\n\t\t\t\t\n\t\t\t\t\n\t\t\t\t\n\t\t\t\t\n\t\t\t\t\n\t\t\t\t<div class=\"et_pb_module_inner\">\n\t\t\t\t\t<div class=\"bck-module bck-parent bck-floating-image\">\r\n\t\t\t\t\r\n\t\t\t\t<div class=\"bck_floating_image_child bck_floating_image_child_0 bck_et_pb_module\">\n\t\t\t\t\n\t\t\t\t\n\t\t\t\t\n\t\t\t\t\n\t\t\t\t\n\t\t\t\t\n\t\t\t\t<div class=\"et_pb_module_inner\">\n\t\t\t\t\t<div class=\"bck-module bck-child bck-floating-image-item\">\r\n\t\t\t\t<style>@keyframes bck-float-0 {\r\n\t\t\t\t0% {\r\n\t\t\t\t\ttransform: translateX(0px) translateY(-10px) rotateX(0deg) rotateY(0deg) rotateZ(0deg) scale(1);\r\n\t\t\t\t}\r\n\t\t\t\t100% {\r\n\t\t\t\t\ttransform: translateX(0px) translateY(10px) rotateX(0deg) rotateY(0deg) rotateZ(0deg) scale(1);\r\n\t\t\t\t}\r\n\t\t\t}<\/style>\r\n                <img decoding=\"async\" src=\"https:\/\/agricacao.agrimontana.it\/wp-content\/uploads\/2025\/01\/LOGO-GRAN-CRU-VENEZUELA.webp\" alt=\"\"\/>\r\n            <\/div>\n\t\t\t\t<\/div>\n\t\t\t<\/div>\r\n            <\/div>\n\t\t\t\t<\/div>\n\t\t\t<\/div><div class=\"et_pb_module dsm_tilt_image dsm_tilt_image_0\">\n\t\t\t\t\n\t\t\t\t\n\t\t\t\t\n\t\t\t\t\n\t\t\t\t\n\t\t\t\t\n\t\t\t\t<div class=\"et_pb_module_inner\">\n\t\t\t\t\t<div class=\"dsm-tilt-image-wrapper\" data-tilt data-tilt-max=\"24\" data-tilt-speed=\"300\" data-tilt-perspective=\"1000\" data-tilt-scale=\"1\" data-tilt-mobile-disable=\"off\" data-tilt-glare data-tilt-max-glare=1 data-tilt-reverse=\"false\">\n\t\t\t\t\n\t\t\t\t\n\t\t\t\t<span class=\"et_pb_image_wrap \"><img decoding=\"async\" src=\"https:\/\/agricacao.agrimontana.it\/wp-content\/uploads\/2025\/01\/Cabossa-SurDelLago.webp\" alt=\"\" title=\"Cabossa SurDelLago\" \/><\/span>\n\t\t\t<\/div>\n\t\t\t\t<\/div>\n\t\t\t<\/div><div class=\"et_pb_module bck_floating_image bck_floating_image_1 et_animated\">\n\t\t\t\t\n\t\t\t\t\n\t\t\t\t\n\t\t\t\t\n\t\t\t\t\n\t\t\t\t\n\t\t\t\t<div class=\"et_pb_module_inner\">\n\t\t\t\t\t<div class=\"bck-module bck-parent bck-floating-image\">\r\n\t\t\t\t\r\n\t\t\t\t<div class=\"bck_floating_image_child bck_floating_image_child_1 bck_et_pb_module\">\n\t\t\t\t\n\t\t\t\t\n\t\t\t\t\n\t\t\t\t\n\t\t\t\t\n\t\t\t\t\n\t\t\t\t<div class=\"et_pb_module_inner\">\n\t\t\t\t\t<div class=\"bck-module bck-child bck-floating-image-item\">\r\n\t\t\t\t<style>@keyframes bck-float-1 {\r\n\t\t\t\t0% {\r\n\t\t\t\t\ttransform: translateX(0px) translateY(-10px) rotateX(0deg) rotateY(0deg) rotateZ(0deg) scale(1);\r\n\t\t\t\t}\r\n\t\t\t\t100% {\r\n\t\t\t\t\ttransform: translateX(0px) translateY(10px) rotateX(0deg) rotateY(0deg) rotateZ(0deg) scale(1);\r\n\t\t\t\t}\r\n\t\t\t}<\/style>\r\n                <img decoding=\"async\" src=\"https:\/\/agricacao.agrimontana.it\/wp-content\/uploads\/2025\/01\/LOGO-GRAN-CRU-VENEZUELA.webp\" alt=\"\"\/>\r\n            <\/div>\n\t\t\t\t<\/div>\n\t\t\t<\/div>\r\n            <\/div>\n\t\t\t\t<\/div>\n\t\t\t<\/div><div class=\"et_pb_module dsm_tilt_image dsm_tilt_image_1\">\n\t\t\t\t\n\t\t\t\t\n\t\t\t\t\n\t\t\t\t\n\t\t\t\t\n\t\t\t\t\n\t\t\t\t<div class=\"et_pb_module_inner\">\n\t\t\t\t\t<div class=\"dsm-tilt-image-wrapper\" data-tilt data-tilt-max=\"24\" data-tilt-speed=\"300\" data-tilt-perspective=\"1000\" data-tilt-scale=\"1\" data-tilt-mobile-disable=\"off\" data-tilt-glare data-tilt-max-glare=1 data-tilt-reverse=\"false\">\n\t\t\t\t\n\t\t\t\t\n\t\t\t\t<span class=\"et_pb_image_wrap \"><img decoding=\"async\" src=\"https:\/\/agricacao.agrimontana.it\/wp-content\/uploads\/2025\/01\/Cabossa-SurDelLago.webp\" alt=\"\" title=\"Cabossa SurDelLago\" \/><\/span>\n\t\t\t<\/div>\n\t\t\t\t<\/div>\n\t\t\t<\/div><div class=\"et_pb_module dsm_tilt_image dsm_tilt_image_2\">\n\t\t\t\t\n\t\t\t\t\n\t\t\t\t\n\t\t\t\t\n\t\t\t\t\n\t\t\t\t\n\t\t\t\t<div class=\"et_pb_module_inner\">\n\t\t\t\t\t<div class=\"dsm-tilt-image-wrapper\" data-tilt data-tilt-max=\"24\" data-tilt-speed=\"300\" data-tilt-perspective=\"1000\" data-tilt-scale=\"1\" data-tilt-mobile-disable=\"off\" data-tilt-reverse=\"true\">\n\t\t\t\t\n\t\t\t\t\n\t\t\t\t<span class=\"et_pb_image_wrap \"><img decoding=\"async\" src=\"https:\/\/agricacao.agrimontana.it\/wp-content\/uploads\/2025\/01\/firefly_surdellago.webp\" alt=\"Plumbago\" title=\"firefly_surdellago\" \/><\/span>\n\t\t\t<\/div>\n\t\t\t\t<\/div>\n\t\t\t<\/div>La fleur de cacao, qui fleuris directement sur le tronc de l\u2019arbre (cauliflore), est le symbole de cette terre : d\u00e9licate et forte \u00e0 la fois.Ses p\u00e9tales blancs, verts ou roses renferment l\u2019\u00e9nergie d\u2019une tradition mill\u00e9naire. Sur del Lago se caract\u00e9rise par une grande complexit\u00e9 aromatique, avec un parfait \u00e9quilibre entre finesse et rondeur.Ses [&hellip;]<\/p>\n","protected":false},"author":2,"featured_media":22988279,"parent":0,"menu_order":0,"comment_status":"closed","ping_status":"closed","template":"","meta":{"_et_pb_use_builder":"on","_et_pb_old_content":"","_et_gb_content_width":"","footnotes":""},"class_list":["post-22988716","page","type-page","status-publish","has-post-thumbnail","hentry"],"yoast_head":"<!-- This site is optimized with the Yoast SEO plugin v25.6 - https:\/\/yoast.com\/wordpress\/plugins\/seo\/ -->\n<title>Sur del lago - Agricacao<\/title>\n<meta name=\"robots\" content=\"index, follow, max-snippet:-1, max-image-preview:large, max-video-preview:-1\" \/>\n<link rel=\"canonical\" href=\"https:\/\/agricacao.agrimontana.it\/fr\/index.php\/sur-del-lago\/\" \/>\n<meta property=\"og:locale\" content=\"fr_FR\" \/>\n<meta property=\"og:type\" content=\"article\" \/>\n<meta property=\"og:title\" content=\"Sur del lago - Agricacao\" \/>\n<meta property=\"og:description\" content=\"Sur del Lago, avec ses notes raffin\u00e9es d\u2019amandes et de caf\u00e9, incarne l\u2019essence du cacao v\u00e9n\u00e9zu\u00e9lien, riche d\u2019histoire et de tradition.Ce chocolat \u00e9voque les terres fertiles qui entourent le lac Maracaibo, un lieu o\u00f9 la nature luxuriante et le climat parfait donnent vie \u00e0 un cacao d\u2019une finesse et d\u2019une persistance rares.La fleur de cacao, qui fleuris directement sur le tronc de l\u2019arbre (cauliflore), est le symbole de cette terre : d\u00e9licate et forte \u00e0 la fois.Ses p\u00e9tales blancs, verts ou roses renferment l\u2019\u00e9nergie d\u2019une tradition mill\u00e9naire. Sur del Lago se caract\u00e9rise par une grande complexit\u00e9 aromatique, avec un parfait \u00e9quilibre entre finesse et rondeur.Ses [&hellip;]\" \/>\n<meta property=\"og:url\" content=\"https:\/\/agricacao.agrimontana.it\/fr\/index.php\/sur-del-lago\/\" \/>\n<meta property=\"og:site_name\" content=\"Agricacao\" \/>\n<meta property=\"article:modified_time\" content=\"2025-07-21T15:15:30+00:00\" \/>\n<meta property=\"og:image\" content=\"https:\/\/agricacao.agrimontana.it\/wp-content\/uploads\/2025\/01\/LOGO-SUR-DEL-LAGO.webp\" \/>\n\t<meta property=\"og:image:width\" content=\"573\" \/>\n\t<meta property=\"og:image:height\" content=\"171\" \/>\n\t<meta property=\"og:image:type\" content=\"image\/webp\" \/>\n<meta name=\"twitter:card\" content=\"summary_large_image\" \/>\n<meta name=\"twitter:label1\" content=\"Dur\u00e9e de lecture estim\u00e9e\" \/>\n\t<meta name=\"twitter:data1\" content=\"8 minutes\" \/>\n<script type=\"application\/ld+json\" class=\"yoast-schema-graph\">{\"@context\":\"https:\/\/schema.org\",\"@graph\":[{\"@type\":\"WebPage\",\"@id\":\"https:\/\/agricacao.agrimontana.it\/fr\/index.php\/sur-del-lago\/\",\"url\":\"https:\/\/agricacao.agrimontana.it\/fr\/index.php\/sur-del-lago\/\",\"name\":\"Sur del lago - Agricacao\",\"isPartOf\":{\"@id\":\"https:\/\/agricacao.agrimontana.it\/fr\/#website\"},\"primaryImageOfPage\":{\"@id\":\"https:\/\/agricacao.agrimontana.it\/fr\/index.php\/sur-del-lago\/#primaryimage\"},\"image\":{\"@id\":\"https:\/\/agricacao.agrimontana.it\/fr\/index.php\/sur-del-lago\/#primaryimage\"},\"thumbnailUrl\":\"https:\/\/agricacao.agrimontana.it\/wp-content\/uploads\/2025\/01\/LOGO-SUR-DEL-LAGO.webp\",\"datePublished\":\"2025-01-17T17:25:45+00:00\",\"dateModified\":\"2025-07-21T15:15:30+00:00\",\"breadcrumb\":{\"@id\":\"https:\/\/agricacao.agrimontana.it\/fr\/index.php\/sur-del-lago\/#breadcrumb\"},\"inLanguage\":\"fr-FR\",\"potentialAction\":[{\"@type\":\"ReadAction\",\"target\":[\"https:\/\/agricacao.agrimontana.it\/fr\/index.php\/sur-del-lago\/\"]}]},{\"@type\":\"ImageObject\",\"inLanguage\":\"fr-FR\",\"@id\":\"https:\/\/agricacao.agrimontana.it\/fr\/index.php\/sur-del-lago\/#primaryimage\",\"url\":\"https:\/\/agricacao.agrimontana.it\/wp-content\/uploads\/2025\/01\/LOGO-SUR-DEL-LAGO.webp\",\"contentUrl\":\"https:\/\/agricacao.agrimontana.it\/wp-content\/uploads\/2025\/01\/LOGO-SUR-DEL-LAGO.webp\",\"width\":573,\"height\":171},{\"@type\":\"BreadcrumbList\",\"@id\":\"https:\/\/agricacao.agrimontana.it\/fr\/index.php\/sur-del-lago\/#breadcrumb\",\"itemListElement\":[{\"@type\":\"ListItem\",\"position\":1,\"name\":\"Home\",\"item\":\"https:\/\/agricacao.agrimontana.it\/fr\/\"},{\"@type\":\"ListItem\",\"position\":2,\"name\":\"Sur del lago\"}]},{\"@type\":\"WebSite\",\"@id\":\"https:\/\/agricacao.agrimontana.it\/fr\/#website\",\"url\":\"https:\/\/agricacao.agrimontana.it\/fr\/\",\"name\":\"Agricacao\",\"description\":\"Il cioccolato da copertura in formati e lavorazioni particolari.\",\"publisher\":{\"@id\":\"https:\/\/agricacao.agrimontana.it\/fr\/#organization\"},\"alternateName\":\"Agricacao\",\"potentialAction\":[{\"@type\":\"SearchAction\",\"target\":{\"@type\":\"EntryPoint\",\"urlTemplate\":\"https:\/\/agricacao.agrimontana.it\/fr\/?s={search_term_string}\"},\"query-input\":{\"@type\":\"PropertyValueSpecification\",\"valueRequired\":true,\"valueName\":\"search_term_string\"}}],\"inLanguage\":\"fr-FR\"},{\"@type\":\"Organization\",\"@id\":\"https:\/\/agricacao.agrimontana.it\/fr\/#organization\",\"name\":\"Agricacao - un Brand Agrimontana\",\"url\":\"https:\/\/agricacao.agrimontana.it\/fr\/\",\"logo\":{\"@type\":\"ImageObject\",\"inLanguage\":\"fr-FR\",\"@id\":\"https:\/\/agricacao.agrimontana.it\/fr\/#\/schema\/logo\/image\/\",\"url\":\"https:\/\/agricacao.agrimontana.it\/wp-content\/uploads\/2023\/09\/LOGO.png\",\"contentUrl\":\"https:\/\/agricacao.agrimontana.it\/wp-content\/uploads\/2023\/09\/LOGO.png\",\"width\":600,\"height\":227,\"caption\":\"Agricacao - un Brand Agrimontana\"},\"image\":{\"@id\":\"https:\/\/agricacao.agrimontana.it\/fr\/#\/schema\/logo\/image\/\"}}]}<\/script>\n<!-- \/ Yoast SEO plugin. -->","yoast_head_json":{"title":"Sur del lago - Agricacao","robots":{"index":"index","follow":"follow","max-snippet":"max-snippet:-1","max-image-preview":"max-image-preview:large","max-video-preview":"max-video-preview:-1"},"canonical":"https:\/\/agricacao.agrimontana.it\/fr\/index.php\/sur-del-lago\/","og_locale":"fr_FR","og_type":"article","og_title":"Sur del lago - Agricacao","og_description":"Sur del Lago, avec ses notes raffin\u00e9es d\u2019amandes et de caf\u00e9, incarne l\u2019essence du cacao v\u00e9n\u00e9zu\u00e9lien, riche d\u2019histoire et de tradition.Ce chocolat \u00e9voque les terres fertiles qui entourent le lac Maracaibo, un lieu o\u00f9 la nature luxuriante et le climat parfait donnent vie \u00e0 un cacao d\u2019une finesse et d\u2019une persistance rares.La fleur de cacao, qui fleuris directement sur le tronc de l\u2019arbre (cauliflore), est le symbole de cette terre : d\u00e9licate et forte \u00e0 la fois.Ses p\u00e9tales blancs, verts ou roses renferment l\u2019\u00e9nergie d\u2019une tradition mill\u00e9naire. Sur del Lago se caract\u00e9rise par une grande complexit\u00e9 aromatique, avec un parfait \u00e9quilibre entre finesse et rondeur.Ses [&hellip;]","og_url":"https:\/\/agricacao.agrimontana.it\/fr\/index.php\/sur-del-lago\/","og_site_name":"Agricacao","article_modified_time":"2025-07-21T15:15:30+00:00","og_image":[{"width":573,"height":171,"url":"https:\/\/agricacao.agrimontana.it\/wp-content\/uploads\/2025\/01\/LOGO-SUR-DEL-LAGO.webp","type":"image\/webp"}],"twitter_card":"summary_large_image","twitter_misc":{"Dur\u00e9e de lecture estim\u00e9e":"8 minutes"},"schema":{"@context":"https:\/\/schema.org","@graph":[{"@type":"WebPage","@id":"https:\/\/agricacao.agrimontana.it\/fr\/index.php\/sur-del-lago\/","url":"https:\/\/agricacao.agrimontana.it\/fr\/index.php\/sur-del-lago\/","name":"Sur del lago - Agricacao","isPartOf":{"@id":"https:\/\/agricacao.agrimontana.it\/fr\/#website"},"primaryImageOfPage":{"@id":"https:\/\/agricacao.agrimontana.it\/fr\/index.php\/sur-del-lago\/#primaryimage"},"image":{"@id":"https:\/\/agricacao.agrimontana.it\/fr\/index.php\/sur-del-lago\/#primaryimage"},"thumbnailUrl":"https:\/\/agricacao.agrimontana.it\/wp-content\/uploads\/2025\/01\/LOGO-SUR-DEL-LAGO.webp","datePublished":"2025-01-17T17:25:45+00:00","dateModified":"2025-07-21T15:15:30+00:00","breadcrumb":{"@id":"https:\/\/agricacao.agrimontana.it\/fr\/index.php\/sur-del-lago\/#breadcrumb"},"inLanguage":"fr-FR","potentialAction":[{"@type":"ReadAction","target":["https:\/\/agricacao.agrimontana.it\/fr\/index.php\/sur-del-lago\/"]}]},{"@type":"ImageObject","inLanguage":"fr-FR","@id":"https:\/\/agricacao.agrimontana.it\/fr\/index.php\/sur-del-lago\/#primaryimage","url":"https:\/\/agricacao.agrimontana.it\/wp-content\/uploads\/2025\/01\/LOGO-SUR-DEL-LAGO.webp","contentUrl":"https:\/\/agricacao.agrimontana.it\/wp-content\/uploads\/2025\/01\/LOGO-SUR-DEL-LAGO.webp","width":573,"height":171},{"@type":"BreadcrumbList","@id":"https:\/\/agricacao.agrimontana.it\/fr\/index.php\/sur-del-lago\/#breadcrumb","itemListElement":[{"@type":"ListItem","position":1,"name":"Home","item":"https:\/\/agricacao.agrimontana.it\/fr\/"},{"@type":"ListItem","position":2,"name":"Sur del lago"}]},{"@type":"WebSite","@id":"https:\/\/agricacao.agrimontana.it\/fr\/#website","url":"https:\/\/agricacao.agrimontana.it\/fr\/","name":"Agricacao","description":"Il cioccolato da copertura in formati e lavorazioni particolari.","publisher":{"@id":"https:\/\/agricacao.agrimontana.it\/fr\/#organization"},"alternateName":"Agricacao","potentialAction":[{"@type":"SearchAction","target":{"@type":"EntryPoint","urlTemplate":"https:\/\/agricacao.agrimontana.it\/fr\/?s={search_term_string}"},"query-input":{"@type":"PropertyValueSpecification","valueRequired":true,"valueName":"search_term_string"}}],"inLanguage":"fr-FR"},{"@type":"Organization","@id":"https:\/\/agricacao.agrimontana.it\/fr\/#organization","name":"Agricacao - un Brand Agrimontana","url":"https:\/\/agricacao.agrimontana.it\/fr\/","logo":{"@type":"ImageObject","inLanguage":"fr-FR","@id":"https:\/\/agricacao.agrimontana.it\/fr\/#\/schema\/logo\/image\/","url":"https:\/\/agricacao.agrimontana.it\/wp-content\/uploads\/2023\/09\/LOGO.png","contentUrl":"https:\/\/agricacao.agrimontana.it\/wp-content\/uploads\/2023\/09\/LOGO.png","width":600,"height":227,"caption":"Agricacao - un Brand Agrimontana"},"image":{"@id":"https:\/\/agricacao.agrimontana.it\/fr\/#\/schema\/logo\/image\/"}}]}},"_links":{"self":[{"href":"https:\/\/agricacao.agrimontana.it\/fr\/index.php\/wp-json\/wp\/v2\/pages\/22988716"}],"collection":[{"href":"https:\/\/agricacao.agrimontana.it\/fr\/index.php\/wp-json\/wp\/v2\/pages"}],"about":[{"href":"https:\/\/agricacao.agrimontana.it\/fr\/index.php\/wp-json\/wp\/v2\/types\/page"}],"author":[{"embeddable":true,"href":"https:\/\/agricacao.agrimontana.it\/fr\/index.php\/wp-json\/wp\/v2\/users\/2"}],"replies":[{"embeddable":true,"href":"https:\/\/agricacao.agrimontana.it\/fr\/index.php\/wp-json\/wp\/v2\/comments?post=22988716"}],"version-history":[{"count":3,"href":"https:\/\/agricacao.agrimontana.it\/fr\/index.php\/wp-json\/wp\/v2\/pages\/22988716\/revisions"}],"predecessor-version":[{"id":22988736,"href":"https:\/\/agricacao.agrimontana.it\/fr\/index.php\/wp-json\/wp\/v2\/pages\/22988716\/revisions\/22988736"}],"wp:featuredmedia":[{"embeddable":true,"href":"https:\/\/agricacao.agrimontana.it\/fr\/index.php\/wp-json\/wp\/v2\/media\/22988279"}],"wp:attachment":[{"href":"https:\/\/agricacao.agrimontana.it\/fr\/index.php\/wp-json\/wp\/v2\/media?parent=22988716"}],"curies":[{"name":"wp","href":"https:\/\/api.w.org\/{rel}","templated":true}]}}