{"id":22988632,"date":"2025-01-17T19:12:22","date_gmt":"2025-01-17T18:12:22","guid":{"rendered":"https:\/\/agricacao.agrimontana.it\/index.php\/aristid\/"},"modified":"2025-07-21T18:06:33","modified_gmt":"2025-07-21T16:06:33","slug":"aristid","status":"publish","type":"page","link":"https:\/\/agricacao.agrimontana.it\/fr\/index.php\/aristid\/","title":{"rendered":"Aristid"},"content":{"rendered":"<p>[et_pb_section fb_built=\u00a0\u00bb1&Prime; _builder_version=\u00a0\u00bb4.27.4&Prime; _module_preset=\u00a0\u00bbdefault\u00a0\u00bb background_color=\u00a0\u00bbRGBA(255,255,255,0)\u00a0\u00bb background_image=\u00a0\u00bbhttps:\/\/agricacao.agrimontana.it\/wp-content\/uploads\/2024\/08\/fondo_Agricacao.jpg\u00a0\u00bb parallax=\u00a0\u00bbon\u00a0\u00bb custom_margin=\u00a0\u00bb0px||||false|false\u00a0\u00bb custom_padding=\u00a0\u00bb0px||||false|false\u00a0\u00bb locked=\u00a0\u00bboff\u00a0\u00bb global_colors_info=\u00a0\u00bb{}\u00a0\u00bb][et_pb_row _builder_version=\u00a0\u00bb4.27.4&Prime; _module_preset=\u00a0\u00bbdefault\u00a0\u00bb width_tablet=\u00a0\u00bb\u00a0\u00bb width_phone=\u00a0\u00bb80%\u00a0\u00bb width_last_edited=\u00a0\u00bbon|phone\u00a0\u00bb global_colors_info=\u00a0\u00bb{}\u00a0\u00bb][et_pb_column type=\u00a0\u00bb4_4&Prime; _builder_version=\u00a0\u00bb4.27.4&Prime; _module_preset=\u00a0\u00bbdefault\u00a0\u00bb global_colors_info=\u00a0\u00bb{}\u00a0\u00bb][et_pb_image src=\u00a0\u00bbhttps:\/\/agricacao.agrimontana.it\/wp-content\/uploads\/2025\/01\/LOGO-ARISTID.webp\u00a0\u00bb alt=\u00a0\u00bbLogo del Cacao Apurimac milagros\u00a0\u00bb title_text=\u00a0\u00bbLOGO ARISTID\u00a0\u00bb _builder_version=\u00a0\u00bb4.27.4&Prime; _module_preset=\u00a0\u00bbdefault\u00a0\u00bb global_colors_info=\u00a0\u00bb{}\u00a0\u00bb][\/et_pb_image][et_pb_text _builder_version=\u00a0\u00bb4.27.4&Prime; _module_preset=\u00a0\u00bbdefault\u00a0\u00bb text_font=\u00a0\u00bb|300|||||||\u00a0\u00bb header_3_text_color=\u00a0\u00bb#BBA079&Prime; header_3_letter_spacing=\u00a0\u00bb2px\u00a0\u00bb width=\u00a0\u00bb100%\u00a0\u00bb module_alignment=\u00a0\u00bbcenter\u00a0\u00bb custom_margin=\u00a0\u00bb||||false|false\u00a0\u00bb custom_padding=\u00a0\u00bb|||20%|false|false\u00a0\u00bb custom_padding_tablet=\u00a0\u00bb|||23%|false|false\u00a0\u00bb custom_padding_phone=\u00a0\u00bb|||0%|false|false\u00a0\u00bb custom_padding_last_edited=\u00a0\u00bbon|phone\u00a0\u00bb global_colors_info=\u00a0\u00bb{}\u00a0\u00bb]<span style=\"color: #bba079;\"><strong><font-size:>Aristid\u00ae, avec sa sonorit\u00e9 vibrante et enveloppante, incarne l\u2019\u00e9nergie des terres du Cameroun.<br \/>\n<\/font-size:><\/strong><\/span>Les tons verts, jaunes et rouges rappellent le drapeau camerounais, \u00e9voquant la force et l\u2019authenticit\u00e9.[\/et_pb_text][\/et_pb_column][\/et_pb_row][et_pb_row column_structure=\u00a0\u00bb1_4,3_4&Prime; use_custom_gutter=\u00a0\u00bbon\u00a0\u00bb gutter_width=\u00a0\u00bb1&Prime; disabled_on=\u00a0\u00bboff|off|on\u00a0\u00bb _builder_version=\u00a0\u00bb4.27.4&Prime; _module_preset=\u00a0\u00bbdefault\u00a0\u00bb width=\u00a0\u00bb100%\u00a0\u00bb custom_css_main_element=\u00a0\u00bbdisplay: flex;\u00a0\u00bb global_colors_info=\u00a0\u00bb{}\u00a0\u00bb][et_pb_column type=\u00a0\u00bb1_4&Prime; _builder_version=\u00a0\u00bb4.27.4&Prime; _module_preset=\u00a0\u00bbdefault\u00a0\u00bb global_colors_info=\u00a0\u00bb{}\u00a0\u00bb][bck_floating_image disabled_on=\u00a0\u00bboff|on|on\u00a0\u00bb _builder_version=\u00a0\u00bb4.27.4&Prime; _module_preset=\u00a0\u00bbdefault\u00a0\u00bb module_alignment=\u00a0\u00bbcenter\u00a0\u00bb custom_margin=\u00a0\u00bb20%||||false|false\u00a0\u00bb custom_margin_tablet=\u00a0\u00bb20%||||false|false\u00a0\u00bb custom_margin_phone=\u00a0\u00bb0%||||false|false\u00a0\u00bb custom_margin_last_edited=\u00a0\u00bbon|phone\u00a0\u00bb animation_style=\u00a0\u00bbbounce\u00a0\u00bb hover_enabled=\u00a0\u00bb0&Prime; module_alignment_tablet=\u00a0\u00bbcenter\u00a0\u00bb module_alignment_phone=\u00a0\u00bbcenter\u00a0\u00bb module_alignment_last_edited=\u00a0\u00bbon|phone\u00a0\u00bb global_colors_info=\u00a0\u00bb{}\u00a0\u00bb sticky_enabled=\u00a0\u00bb0&Prime;][bck_floating_image_child image=\u00a0\u00bbhttps:\/\/agricacao.agrimontana.it\/wp-content\/uploads\/2025\/07\/Agricacao_LoghiSelezioni_ARISTID_2_FR.png\u00a0\u00bb translate_from_y=\u00a0\u00bb-10px\u00a0\u00bb translate_to_y=\u00a0\u00bb10px\u00a0\u00bb item_width=\u00a0\u00bb40%\u00a0\u00bb offset_x=\u00a0\u00bb30%\u00a0\u00bb offset_x_tablet=\u00a0\u00bb30%\u00a0\u00bb offset_x_phone=\u00a0\u00bb37%\u00a0\u00bb offset_x_last_edited=\u00a0\u00bbon|phone\u00a0\u00bb _builder_version=\u00a0\u00bb4.27.4&Prime; _module_preset=\u00a0\u00bbdefault\u00a0\u00bb custom_margin=\u00a0\u00bb||||false|false\u00a0\u00bb hover_enabled=\u00a0\u00bb0&Prime; global_colors_info=\u00a0\u00bb{}\u00a0\u00bb alt=\u00a0\u00bbAgricacao_LoghiSelezioni_ARISTID_2_FR\u00a0\u00bb title_text=\u00a0\u00bbAgricacao_LoghiSelezioni_ARISTID_2_FR\u00a0\u00bb sticky_enabled=\u00a0\u00bb0&Prime;][\/bck_floating_image_child][\/bck_floating_image][\/et_pb_column][et_pb_column type=\u00a0\u00bb3_4&Prime; _builder_version=\u00a0\u00bb4.27.4&Prime; _module_preset=\u00a0\u00bbdefault\u00a0\u00bb custom_padding=\u00a0\u00bb0px|0px|0px|0px|false|false\u00a0\u00bb global_colors_info=\u00a0\u00bb{}\u00a0\u00bb][dsm_tilt_image src=\u00a0\u00bbhttps:\/\/agricacao.agrimontana.it\/wp-content\/uploads\/2025\/01\/cabosse-Astrid.webp\u00a0\u00bb title_text=\u00a0\u00bbcabosse Astrid\u00a0\u00bb dsm_tilt_max=\u00a0\u00bb24&Prime; dsm_use_glare=\u00a0\u00bbon\u00a0\u00bb dsm_use_parallax=\u00a0\u00bbon\u00a0\u00bb align=\u00a0\u00bbright\u00a0\u00bb _builder_version=\u00a0\u00bb4.27.4&Prime; _module_preset=\u00a0\u00bbdefault\u00a0\u00bb width=\u00a0\u00bb60%\u00a0\u00bb width_tablet=\u00a0\u00bb60%\u00a0\u00bb width_phone=\u00a0\u00bb100%\u00a0\u00bb width_last_edited=\u00a0\u00bbon|phone\u00a0\u00bb module_alignment=\u00a0\u00bbcenter\u00a0\u00bb custom_margin=\u00a0\u00bb||0px||false|false\u00a0\u00bb custom_padding=\u00a0\u00bb||0px||false|false\u00a0\u00bb global_colors_info=\u00a0\u00bb{}\u00a0\u00bb][\/dsm_tilt_image][\/et_pb_column][\/et_pb_row][et_pb_row column_structure=\u00a0\u00bb1_3,2_3&Prime; disabled_on=\u00a0\u00bbon|on|off\u00a0\u00bb _builder_version=\u00a0\u00bb4.27.4&Prime; _module_preset=\u00a0\u00bbdefault\u00a0\u00bb module_alignment=\u00a0\u00bbcenter\u00a0\u00bb custom_css_main_element=\u00a0\u00bbdisplay: flex;\u00a0\u00bb global_colors_info=\u00a0\u00bb{}\u00a0\u00bb][et_pb_column type=\u00a0\u00bb1_3&Prime; _builder_version=\u00a0\u00bb4.27.4&Prime; _module_preset=\u00a0\u00bbdefault\u00a0\u00bb global_colors_info=\u00a0\u00bb{}\u00a0\u00bb][bck_floating_image _builder_version=\u00a0\u00bb4.27.4&Prime; _module_preset=\u00a0\u00bbdefault\u00a0\u00bb module_alignment=\u00a0\u00bbcenter\u00a0\u00bb custom_margin=\u00a0\u00bb20%||||false|false\u00a0\u00bb custom_margin_tablet=\u00a0\u00bb20%||||false|false\u00a0\u00bb custom_margin_phone=\u00a0\u00bb0%||||false|false\u00a0\u00bb custom_margin_last_edited=\u00a0\u00bbon|phone\u00a0\u00bb animation_style=\u00a0\u00bbbounce\u00a0\u00bb hover_enabled=\u00a0\u00bb0&Prime; module_alignment_tablet=\u00a0\u00bbcenter\u00a0\u00bb module_alignment_phone=\u00a0\u00bbleft\u00a0\u00bb module_alignment_last_edited=\u00a0\u00bbon|phone\u00a0\u00bb global_colors_info=\u00a0\u00bb{}\u00a0\u00bb sticky_enabled=\u00a0\u00bb0&Prime;][bck_floating_image_child image=\u00a0\u00bbhttps:\/\/agricacao.agrimontana.it\/wp-content\/uploads\/2025\/07\/Agricacao_LoghiSelezioni_ARISTID_2_FR.png\u00a0\u00bb translate_from_y=\u00a0\u00bb-10px\u00a0\u00bb translate_to_y=\u00a0\u00bb10px\u00a0\u00bb item_width=\u00a0\u00bb40%\u00a0\u00bb offset_x=\u00a0\u00bb30%\u00a0\u00bb offset_x_tablet=\u00a0\u00bb30%\u00a0\u00bb offset_x_phone=\u00a0\u00bb0%\u00a0\u00bb offset_x_last_edited=\u00a0\u00bbon|phone\u00a0\u00bb _builder_version=\u00a0\u00bb4.27.4&Prime; _module_preset=\u00a0\u00bbdefault\u00a0\u00bb custom_margin=\u00a0\u00bb-20%||||false|false\u00a0\u00bb hover_enabled=\u00a0\u00bb0&Prime; global_colors_info=\u00a0\u00bb{}\u00a0\u00bb alt=\u00a0\u00bbAgricacao_LoghiSelezioni_ARISTID_2_FR\u00a0\u00bb title_text=\u00a0\u00bbAgricacao_LoghiSelezioni_ARISTID_2_FR\u00a0\u00bb sticky_enabled=\u00a0\u00bb0&Prime;][\/bck_floating_image_child][\/bck_floating_image][\/et_pb_column][et_pb_column type=\u00a0\u00bb2_3&Prime; _builder_version=\u00a0\u00bb4.27.4&Prime; _module_preset=\u00a0\u00bbdefault\u00a0\u00bb global_colors_info=\u00a0\u00bb{}\u00a0\u00bb][dsm_tilt_image src=\u00a0\u00bbhttps:\/\/agricacao.agrimontana.it\/wp-content\/uploads\/2025\/01\/cabosse-Astrid.webp\u00a0\u00bb title_text=\u00a0\u00bbcabosse Astrid\u00a0\u00bb dsm_tilt_max=\u00a0\u00bb24&Prime; dsm_use_glare=\u00a0\u00bbon\u00a0\u00bb dsm_use_parallax=\u00a0\u00bbon\u00a0\u00bb align=\u00a0\u00bbright\u00a0\u00bb _builder_version=\u00a0\u00bb4.27.4&Prime; _module_preset=\u00a0\u00bbdefault\u00a0\u00bb width=\u00a0\u00bb60%\u00a0\u00bb width_tablet=\u00a0\u00bb60%\u00a0\u00bb width_phone=\u00a0\u00bb100%\u00a0\u00bb width_last_edited=\u00a0\u00bbon|phone\u00a0\u00bb module_alignment=\u00a0\u00bbcenter\u00a0\u00bb custom_margin=\u00a0\u00bb||0px||false|false\u00a0\u00bb custom_padding=\u00a0\u00bb||0px||false|false\u00a0\u00bb global_colors_info=\u00a0\u00bb{}\u00a0\u00bb][\/dsm_tilt_image][\/et_pb_column][\/et_pb_row][et_pb_row column_structure=\u00a0\u00bb1_2,1_2&Prime; use_custom_gutter=\u00a0\u00bbon\u00a0\u00bb gutter_width=\u00a0\u00bb1&Prime; make_equal=\u00a0\u00bbon\u00a0\u00bb _builder_version=\u00a0\u00bb4.27.4&Prime; _module_preset=\u00a0\u00bbdefault\u00a0\u00bb module_alignment=\u00a0\u00bbcenter\u00a0\u00bb global_colors_info=\u00a0\u00bb{}\u00a0\u00bb][et_pb_column type=\u00a0\u00bb1_2&Prime; _builder_version=\u00a0\u00bb4.27.4&Prime; _module_preset=\u00a0\u00bbdefault\u00a0\u00bb global_colors_info=\u00a0\u00bb{}\u00a0\u00bb][dsm_tilt_image src=\u00a0\u00bbhttps:\/\/agricacao.agrimontana.it\/wp-content\/uploads\/2025\/01\/Strelizia.webp\u00a0\u00bb alt=\u00a0\u00bbPlumbago\u00a0\u00bb title_text=\u00a0\u00bbStrelizia\u00a0\u00bb dsm_tilt_max=\u00a0\u00bb24&Prime; dsm_tilt_reverse=\u00a0\u00bbon\u00a0\u00bb align=\u00a0\u00bbcenter\u00a0\u00bb _builder_version=\u00a0\u00bb4.27.4&Prime; _module_preset=\u00a0\u00bbdefault\u00a0\u00bb width=\u00a0\u00bb80%\u00a0\u00bb module_alignment=\u00a0\u00bbright\u00a0\u00bb custom_margin=\u00a0\u00bb-50%||||false|false\u00a0\u00bb global_colors_info=\u00a0\u00bb{}\u00a0\u00bb][\/dsm_tilt_image][\/et_pb_column][et_pb_column type=\u00a0\u00bb1_2&Prime; _builder_version=\u00a0\u00bb4.27.4&Prime; _module_preset=\u00a0\u00bbdefault\u00a0\u00bb global_colors_info=\u00a0\u00bb{}\u00a0\u00bb][et_pb_text _builder_version=\u00a0\u00bb4.27.4&Prime; _module_preset=\u00a0\u00bbdefault\u00a0\u00bb text_font=\u00a0\u00bb|300|||||||\u00a0\u00bb header_3_font=\u00a0\u00bb|&#8211;et_global_heading_font_weight|||||||\u00a0\u00bb header_3_text_color=\u00a0\u00bb#BBA079&Prime; header_3_letter_spacing=\u00a0\u00bb2px\u00a0\u00bb width=\u00a0\u00bb80%\u00a0\u00bb module_alignment=\u00a0\u00bbleft\u00a0\u00bb custom_margin=\u00a0\u00bb||||false|false\u00a0\u00bb custom_padding=\u00a0\u00bb||||false|false\u00a0\u00bb module_alignment_tablet=\u00a0\u00bbleft\u00a0\u00bb module_alignment_phone=\u00a0\u00bbcenter\u00a0\u00bb module_alignment_last_edited=\u00a0\u00bbon|phone\u00a0\u00bb global_colors_info=\u00a0\u00bb{}\u00a0\u00bb]La fleur Strelitzia, majestueuse plante tropicale aux spectaculaires fleurs jaunes, symbolise <span style=\"color: #bba079;\"><strong>la r\u00e9siliance et la vitalit\u00e9<\/strong><\/span>, qualit\u00e9s qu\u2019Aristid transmet \u00e0 chaque d\u00e9gustation.[\/et_pb_text][\/et_pb_column][\/et_pb_row][et_pb_row column_structure=\u00a0\u00bb1_4,3_4&Prime; use_custom_gutter=\u00a0\u00bbon\u00a0\u00bb gutter_width=\u00a0\u00bb1&Prime; make_equal=\u00a0\u00bbon\u00a0\u00bb _builder_version=\u00a0\u00bb4.27.4&Prime; _module_preset=\u00a0\u00bbdefault\u00a0\u00bb module_alignment=\u00a0\u00bbcenter\u00a0\u00bb global_colors_info=\u00a0\u00bb{}\u00a0\u00bb][et_pb_column type=\u00a0\u00bb1_4&Prime; _builder_version=\u00a0\u00bb4.27.4&Prime; _module_preset=\u00a0\u00bbdefault\u00a0\u00bb global_colors_info=\u00a0\u00bb{}\u00a0\u00bb][et_pb_image src=\u00a0\u00bbhttps:\/\/agricacao.agrimontana.it\/wp-content\/uploads\/2025\/01\/Pastiglia-e1736963929580.webp\u00a0\u00bb alt=\u00a0\u00bbPastiglia di Cacao\u00a0\u00bb title_text=\u00a0\u00bbPastiglia di Cacao\u00a0\u00bb align=\u00a0\u00bbright\u00a0\u00bb align_tablet=\u00a0\u00bb\u00a0\u00bb align_phone=\u00a0\u00bbleft\u00a0\u00bb align_last_edited=\u00a0\u00bbon|phone\u00a0\u00bb _builder_version=\u00a0\u00bb4.27.4&Prime; _module_preset=\u00a0\u00bbdefault\u00a0\u00bb width=\u00a0\u00bb30%\u00a0\u00bb width_tablet=\u00a0\u00bb30%\u00a0\u00bb width_phone=\u00a0\u00bb20%\u00a0\u00bb width_last_edited=\u00a0\u00bbon|desktop\u00a0\u00bb module_alignment=\u00a0\u00bbright\u00a0\u00bb custom_margin=\u00a0\u00bb-5%||||false|false\u00a0\u00bb module_alignment_tablet=\u00a0\u00bbright\u00a0\u00bb module_alignment_phone=\u00a0\u00bbleft\u00a0\u00bb module_alignment_last_edited=\u00a0\u00bbon|phone\u00a0\u00bb global_colors_info=\u00a0\u00bb{}\u00a0\u00bb][\/et_pb_image][\/et_pb_column][et_pb_column type=\u00a0\u00bb3_4&Prime; _builder_version=\u00a0\u00bb4.27.4&Prime; _module_preset=\u00a0\u00bbdefault\u00a0\u00bb global_colors_info=\u00a0\u00bb{}\u00a0\u00bb][et_pb_heading title=\u00a0\u00bbProfil aromatique\u00a0\u00bb _builder_version=\u00a0\u00bb4.27.4&Prime; _module_preset=\u00a0\u00bbdefault\u00a0\u00bb global_colors_info=\u00a0\u00bb{}\u00a0\u00bb][\/et_pb_heading][et_pb_text _builder_version=\u00a0\u00bb4.27.4&Prime; _module_preset=\u00a0\u00bbdefault\u00a0\u00bb header_3_text_color=\u00a0\u00bb#ac8b5b\u00a0\u00bb header_3_font_size=\u00a0\u00bb20px\u00a0\u00bb width=\u00a0\u00bb100%\u00a0\u00bb module_alignment=\u00a0\u00bbleft\u00a0\u00bb custom_margin=\u00a0\u00bb||||false|false\u00a0\u00bb custom_padding=\u00a0\u00bb||||false|false\u00a0\u00bb global_colors_info=\u00a0\u00bb{}\u00a0\u00bb]<\/p>\n<p> <span style=\"color: #bba079; font-size: large;\"><strong>Parfait pour ceux qui recherchent une exp\u00e9rience gustative qui leur apporte la chaleur et l\u2019\u00e2me du Cameroun, Aristid\u00ae est un ambassadeur de saveurs intenses, avec des notes de cacao, de fruits secs et des accents fruit\u00e9s qui rappellent la terre rouge et le soleil du Cameroun.<br \/>\n<\/strong><\/span>Sous forme de gouttes faciles \u00e0 utiliser, l\u2019astringence et l\u2019amertume sont contenues, avec une d\u00e9licate note de cacao. Id\u00e9al \u00e9galement pour l\u2019enrobage \u00e0 la main ou \u00e0 la machine gr\u00e2ce \u00e0 sa grande fluidit\u00e9 et \u00e0 sa tenue lors de la transformation.[\/et_pb_text][dipl_tabs _builder_version=\u00a0\u00bb4.27.4&Prime; _module_preset=\u00a0\u00bbdefault\u00a0\u00bb global_colors_info=\u00a0\u00bb{}\u00a0\u00bb][\/dipl_tabs][\/et_pb_column][\/et_pb_row][et_pb_row _builder_version=\u00a0\u00bb4.27.4&Prime; _module_preset=\u00a0\u00bbdefault\u00a0\u00bb locked=\u00a0\u00bboff\u00a0\u00bb global_colors_info=\u00a0\u00bb{}\u00a0\u00bb][et_pb_column type=\u00a0\u00bb4_4&Prime; _builder_version=\u00a0\u00bb4.27.4&Prime; _module_preset=\u00a0\u00bbdefault\u00a0\u00bb global_colors_info=\u00a0\u00bb{}\u00a0\u00bb][et_pb_heading title=\u00a0\u00bbLa Gamme\u00a0\u00bb _builder_version=\u00a0\u00bb4.27.4&Prime; _module_preset=\u00a0\u00bbdefault\u00a0\u00bb title_level=\u00a0\u00bbh2&Prime; title_text_align=\u00a0\u00bbcenter\u00a0\u00bb title_text_color=\u00a0\u00bb#94693A\u00a0\u00bb title_font_size=\u00a0\u00bb42px\u00a0\u00bb global_colors_info=\u00a0\u00bb{}\u00a0\u00bb][\/et_pb_heading][dipl_image_card_carousel cards_per_slide=\u00a0\u00bb4&Prime; space_between_slides=\u00a0\u00bb0px\u00a0\u00bb equalize_slides_height=\u00a0\u00bbon\u00a0\u00bb autoplay=\u00a0\u00bboff\u00a0\u00bb show_control_dot=\u00a0\u00bbon\u00a0\u00bb control_dot_active_color=\u00a0\u00bb#94693A\u00a0\u00bb slider_container_custom_padding=\u00a0\u00bb0px||||false|false\u00a0\u00bb cards_per_slide_tablet=\u00a0\u00bb2&Prime; cards_per_slide_phone=\u00a0\u00bb1&Prime; _builder_version=\u00a0\u00bb4.27.4&Prime; _module_preset=\u00a0\u00bbdefault\u00a0\u00bb title_level=\u00a0\u00bbh3&Prime; title_text_align=\u00a0\u00bbcenter\u00a0\u00bb content_text_align=\u00a0\u00bbcenter\u00a0\u00bb background_color=\u00a0\u00bb#ffffff\u00a0\u00bb text_orientation=\u00a0\u00bbcenter\u00a0\u00bb width=\u00a0\u00bb67%\u00a0\u00bb module_alignment=\u00a0\u00bbcenter\u00a0\u00bb custom_margin=\u00a0\u00bb||||false|false\u00a0\u00bb global_colors_info=\u00a0\u00bb{}\u00a0\u00bb][dipl_image_card_carousel_item title=\u00a0\u00bb100%\u00a0\u00bb image=\u00a0\u00bbhttps:\/\/agricacao.agrimontana.it\/wp-content\/uploads\/2025\/07\/Agricacao_SaccoAlluminato_Aristid70.jpg\u00a0\u00bb image_alt=\u00a0\u00bbAgricacao_SaccoAlluminato_Aristid MASSA DI CACAO 100%\u00a0\u00bb icon_font_size=\u00a0\u00bb1px\u00a0\u00bb content_custom_padding=\u00a0\u00bb0px||0px||true|true\u00a0\u00bb _builder_version=\u00a0\u00bb4.27.4&Prime; _module_preset=\u00a0\u00bbdefault\u00a0\u00bb title_level=\u00a0\u00bbh3&Prime; title_text_align=\u00a0\u00bbcenter\u00a0\u00bb title_text_color=\u00a0\u00bb#4F271B\u00a0\u00bb title_font_size=\u00a0\u00bb35px\u00a0\u00bb content_font=\u00a0\u00bb|600|||||||\u00a0\u00bb content_text_align=\u00a0\u00bbcenter\u00a0\u00bb content_text_color=\u00a0\u00bb#4F271B\u00a0\u00bb content_font_size=\u00a0\u00bb16px\u00a0\u00bb text_orientation=\u00a0\u00bbcenter\u00a0\u00bb module_alignment=\u00a0\u00bbcenter\u00a0\u00bb custom_margin=\u00a0\u00bb||0px||false|false\u00a0\u00bb custom_padding=\u00a0\u00bb||0px||false|false\u00a0\u00bb global_colors_info=\u00a0\u00bb{}\u00a0\u00bb]<\/p>\n<p>MASSE DE CACAO<\/p>\n<p>[\/dipl_image_card_carousel_item][dipl_image_card_carousel_item title=\u00a0\u00bb70%\u00a0\u00bb image=\u00a0\u00bbhttps:\/\/agricacao.agrimontana.it\/wp-content\/uploads\/2025\/07\/Agricacao_SaccoAlluminato_Aristid70.jpg\u00a0\u00bb image_alt=\u00a0\u00bbAgricacao_SaccoAlluminato_Aristid 70% Copertura Fondente\u00a0\u00bb icon_font_size=\u00a0\u00bb1px\u00a0\u00bb content_custom_padding=\u00a0\u00bb0px||0px||true|true\u00a0\u00bb _builder_version=\u00a0\u00bb4.27.4&Prime; _module_preset=\u00a0\u00bbdefault\u00a0\u00bb title_level=\u00a0\u00bbh3&Prime; title_text_align=\u00a0\u00bbcenter\u00a0\u00bb title_text_color=\u00a0\u00bb#773525&Prime; title_font_size=\u00a0\u00bb35px\u00a0\u00bb content_font=\u00a0\u00bb|600|||||||\u00a0\u00bb content_text_align=\u00a0\u00bbcenter\u00a0\u00bb content_text_color=\u00a0\u00bb#4F271B\u00a0\u00bb content_font_size=\u00a0\u00bb16px\u00a0\u00bb text_orientation=\u00a0\u00bbcenter\u00a0\u00bb module_alignment=\u00a0\u00bbcenter\u00a0\u00bb custom_margin=\u00a0\u00bb||0px||false|false\u00a0\u00bb custom_padding=\u00a0\u00bb||0px||false|false\u00a0\u00bb global_colors_info=\u00a0\u00bb{}\u00a0\u00bb]<\/p>\n<p>COUVERTURE NOIRE<\/p>\n<p>[\/dipl_image_card_carousel_item][dipl_image_card_carousel_item title=\u00a0\u00bb66%\u00a0\u00bb image=\u00a0\u00bbhttps:\/\/agricacao.agrimontana.it\/wp-content\/uploads\/2025\/07\/Agricacao_Sacchi-Alluminato_Aristid66.jpg\u00a0\u00bb image_alt=\u00a0\u00bbAgricacao Sacchi Alluminato Aristid 66% Copertura Fondente\u00a0\u00bb icon_font_size=\u00a0\u00bb1px\u00a0\u00bb content_custom_padding=\u00a0\u00bb0px||0px||true|true\u00a0\u00bb _builder_version=\u00a0\u00bb4.27.4&Prime; _module_preset=\u00a0\u00bbdefault\u00a0\u00bb title_level=\u00a0\u00bbh3&Prime; title_text_align=\u00a0\u00bbcenter\u00a0\u00bb title_text_color=\u00a0\u00bb#773525&Prime; title_font_size=\u00a0\u00bb35px\u00a0\u00bb content_font=\u00a0\u00bb|600|||||||\u00a0\u00bb content_text_align=\u00a0\u00bbcenter\u00a0\u00bb content_text_color=\u00a0\u00bb#4F271B\u00a0\u00bb content_font_size=\u00a0\u00bb16px\u00a0\u00bb text_orientation=\u00a0\u00bbcenter\u00a0\u00bb module_alignment=\u00a0\u00bbcenter\u00a0\u00bb custom_margin=\u00a0\u00bb||0px||false|false\u00a0\u00bb custom_padding=\u00a0\u00bb||0px||false|false\u00a0\u00bb global_colors_info=\u00a0\u00bb{}\u00a0\u00bb]<\/p>\n<p>COUVERTURE NOIRE<\/p>\n<p>[\/dipl_image_card_carousel_item][dipl_image_card_carousel_item title=\u00a0\u00bb42%\u00a0\u00bb image=\u00a0\u00bbhttps:\/\/agricacao.agrimontana.it\/wp-content\/uploads\/2025\/07\/Agricacao_Sacchi-Alluminato_Aristid42.jpg\u00a0\u00bb image_alt=\u00a0\u00bbAgricacao Sacchi Alluminato Aristid 42% Copertura al latte\u00a0\u00bb icon_font_size=\u00a0\u00bb1px\u00a0\u00bb content_custom_padding=\u00a0\u00bb0px||0px||true|true\u00a0\u00bb _builder_version=\u00a0\u00bb4.27.4&Prime; _module_preset=\u00a0\u00bbdefault\u00a0\u00bb title_level=\u00a0\u00bbh3&Prime; title_text_align=\u00a0\u00bbcenter\u00a0\u00bb title_text_color=\u00a0\u00bb#CBB568&Prime; title_font_size=\u00a0\u00bb35px\u00a0\u00bb content_font=\u00a0\u00bb|600|||||||\u00a0\u00bb content_text_align=\u00a0\u00bbcenter\u00a0\u00bb content_text_color=\u00a0\u00bb#4F271B\u00a0\u00bb content_font_size=\u00a0\u00bb16px\u00a0\u00bb text_orientation=\u00a0\u00bbcenter\u00a0\u00bb module_alignment=\u00a0\u00bbcenter\u00a0\u00bb custom_margin=\u00a0\u00bb||0px||false|false\u00a0\u00bb custom_padding=\u00a0\u00bb||0px||false|false\u00a0\u00bb global_colors_info=\u00a0\u00bb{}\u00a0\u00bb]<\/p>\n<p>COUVERTURE AU LAIT<\/p>\n<p>[\/dipl_image_card_carousel_item][\/dipl_image_card_carousel][\/et_pb_column][\/et_pb_row][\/et_pb_section]<\/p>\n","protected":false},"excerpt":{"rendered":"<p>Aristid\u00ae, avec sa sonorit\u00e9 vibrante et enveloppante, incarne l\u2019\u00e9nergie des terres du Cameroun. Les tons verts, jaunes et rouges rappellent le drapeau camerounais, \u00e9voquant la force et l\u2019authenticit\u00e9.<div class=\"et_pb_module bck_floating_image bck_floating_image_0 et_animated\">\n\t\t\t\t\n\t\t\t\t\n\t\t\t\t\n\t\t\t\t\n\t\t\t\t\n\t\t\t\t\n\t\t\t\t<div class=\"et_pb_module_inner\">\n\t\t\t\t\t<div class=\"bck-module bck-parent bck-floating-image\">\r\n\t\t\t\t\r\n\t\t\t\t<div class=\"bck_floating_image_child bck_floating_image_child_0 bck_et_pb_module\">\n\t\t\t\t\n\t\t\t\t\n\t\t\t\t\n\t\t\t\t\n\t\t\t\t\n\t\t\t\t\n\t\t\t\t<div class=\"et_pb_module_inner\">\n\t\t\t\t\t<div class=\"bck-module bck-child bck-floating-image-item\">\r\n\t\t\t\t<style>@keyframes bck-float-0 {\r\n\t\t\t\t0% {\r\n\t\t\t\t\ttransform: translateX(0px) translateY(-10px) rotateX(0deg) rotateY(0deg) rotateZ(0deg) scale(1);\r\n\t\t\t\t}\r\n\t\t\t\t100% {\r\n\t\t\t\t\ttransform: translateX(0px) translateY(10px) rotateX(0deg) rotateY(0deg) rotateZ(0deg) scale(1);\r\n\t\t\t\t}\r\n\t\t\t}<\/style>\r\n                <img decoding=\"async\" src=\"https:\/\/agricacao.agrimontana.it\/wp-content\/uploads\/2025\/07\/Agricacao_LoghiSelezioni_ARISTID_2_FR.png\" alt=\"\"\/>\r\n            <\/div>\n\t\t\t\t<\/div>\n\t\t\t<\/div>\r\n            <\/div>\n\t\t\t\t<\/div>\n\t\t\t<\/div><div class=\"et_pb_module dsm_tilt_image dsm_tilt_image_0\">\n\t\t\t\t\n\t\t\t\t\n\t\t\t\t\n\t\t\t\t\n\t\t\t\t\n\t\t\t\t\n\t\t\t\t<div class=\"et_pb_module_inner\">\n\t\t\t\t\t<div class=\"dsm-tilt-image-wrapper\" data-tilt data-tilt-max=\"24\" data-tilt-speed=\"300\" data-tilt-perspective=\"1000\" data-tilt-scale=\"1\" data-tilt-mobile-disable=\"off\" data-tilt-glare data-tilt-max-glare=1 data-tilt-reverse=\"false\">\n\t\t\t\t\n\t\t\t\t\n\t\t\t\t<span class=\"et_pb_image_wrap \"><img decoding=\"async\" src=\"https:\/\/agricacao.agrimontana.it\/wp-content\/uploads\/2025\/01\/cabosse-Astrid.webp\" alt=\"\" title=\"cabosse Astrid\" \/><\/span>\n\t\t\t<\/div>\n\t\t\t\t<\/div>\n\t\t\t<\/div><div class=\"et_pb_module bck_floating_image bck_floating_image_1 et_animated\">\n\t\t\t\t\n\t\t\t\t\n\t\t\t\t\n\t\t\t\t\n\t\t\t\t\n\t\t\t\t\n\t\t\t\t<div class=\"et_pb_module_inner\">\n\t\t\t\t\t<div class=\"bck-module bck-parent bck-floating-image\">\r\n\t\t\t\t\r\n\t\t\t\t<div class=\"bck_floating_image_child bck_floating_image_child_1 bck_et_pb_module\">\n\t\t\t\t\n\t\t\t\t\n\t\t\t\t\n\t\t\t\t\n\t\t\t\t\n\t\t\t\t\n\t\t\t\t<div class=\"et_pb_module_inner\">\n\t\t\t\t\t<div class=\"bck-module bck-child bck-floating-image-item\">\r\n\t\t\t\t<style>@keyframes bck-float-1 {\r\n\t\t\t\t0% {\r\n\t\t\t\t\ttransform: translateX(0px) translateY(-10px) rotateX(0deg) rotateY(0deg) rotateZ(0deg) scale(1);\r\n\t\t\t\t}\r\n\t\t\t\t100% {\r\n\t\t\t\t\ttransform: translateX(0px) translateY(10px) rotateX(0deg) rotateY(0deg) rotateZ(0deg) scale(1);\r\n\t\t\t\t}\r\n\t\t\t}<\/style>\r\n                <img decoding=\"async\" src=\"https:\/\/agricacao.agrimontana.it\/wp-content\/uploads\/2025\/07\/Agricacao_LoghiSelezioni_ARISTID_2_FR.png\" alt=\"\"\/>\r\n            <\/div>\n\t\t\t\t<\/div>\n\t\t\t<\/div>\r\n            <\/div>\n\t\t\t\t<\/div>\n\t\t\t<\/div><div class=\"et_pb_module dsm_tilt_image dsm_tilt_image_1\">\n\t\t\t\t\n\t\t\t\t\n\t\t\t\t\n\t\t\t\t\n\t\t\t\t\n\t\t\t\t\n\t\t\t\t<div class=\"et_pb_module_inner\">\n\t\t\t\t\t<div class=\"dsm-tilt-image-wrapper\" data-tilt data-tilt-max=\"24\" data-tilt-speed=\"300\" data-tilt-perspective=\"1000\" data-tilt-scale=\"1\" data-tilt-mobile-disable=\"off\" data-tilt-glare data-tilt-max-glare=1 data-tilt-reverse=\"false\">\n\t\t\t\t\n\t\t\t\t\n\t\t\t\t<span class=\"et_pb_image_wrap \"><img decoding=\"async\" src=\"https:\/\/agricacao.agrimontana.it\/wp-content\/uploads\/2025\/01\/cabosse-Astrid.webp\" alt=\"\" title=\"cabosse Astrid\" \/><\/span>\n\t\t\t<\/div>\n\t\t\t\t<\/div>\n\t\t\t<\/div><div class=\"et_pb_module dsm_tilt_image dsm_tilt_image_2\">\n\t\t\t\t\n\t\t\t\t\n\t\t\t\t\n\t\t\t\t\n\t\t\t\t\n\t\t\t\t\n\t\t\t\t<div class=\"et_pb_module_inner\">\n\t\t\t\t\t<div class=\"dsm-tilt-image-wrapper\" data-tilt data-tilt-max=\"24\" data-tilt-speed=\"300\" data-tilt-perspective=\"1000\" data-tilt-scale=\"1\" data-tilt-mobile-disable=\"off\" data-tilt-reverse=\"true\">\n\t\t\t\t\n\t\t\t\t\n\t\t\t\t<span class=\"et_pb_image_wrap \"><img decoding=\"async\" src=\"https:\/\/agricacao.agrimontana.it\/wp-content\/uploads\/2025\/01\/Strelizia.webp\" alt=\"Plumbago\" title=\"Strelizia\" \/><\/span>\n\t\t\t<\/div>\n\t\t\t\t<\/div>\n\t\t\t<\/div>La fleur Strelitzia, majestueuse plante tropicale aux spectaculaires fleurs jaunes, symbolise la r\u00e9siliance et la vitalit\u00e9, qualit\u00e9s qu\u2019Aristid transmet \u00e0 chaque d\u00e9gustation. Parfait pour ceux qui recherchent une exp\u00e9rience gustative qui leur apporte la chaleur et l\u2019\u00e2me du Cameroun, Aristid\u00ae est un ambassadeur de saveurs intenses, avec des notes de cacao, de fruits secs et des accents fruit\u00e9s qui rappellent la terre rouge et le soleil [&hellip;]<\/p>\n","protected":false},"author":2,"featured_media":22988279,"parent":0,"menu_order":0,"comment_status":"closed","ping_status":"closed","template":"","meta":{"_et_pb_use_builder":"on","_et_pb_old_content":"","_et_gb_content_width":"","footnotes":""},"class_list":["post-22988632","page","type-page","status-publish","has-post-thumbnail","hentry"],"yoast_head":"<!-- This site is optimized with the Yoast SEO plugin v25.6 - https:\/\/yoast.com\/wordpress\/plugins\/seo\/ -->\n<title>Aristid - Agricacao<\/title>\n<meta name=\"robots\" content=\"index, follow, max-snippet:-1, max-image-preview:large, max-video-preview:-1\" \/>\n<link rel=\"canonical\" href=\"https:\/\/agricacao.agrimontana.it\/fr\/index.php\/aristid\/\" \/>\n<meta property=\"og:locale\" content=\"fr_FR\" \/>\n<meta property=\"og:type\" content=\"article\" \/>\n<meta property=\"og:title\" content=\"Aristid - Agricacao\" \/>\n<meta property=\"og:description\" content=\"Aristid\u00ae, avec sa sonorit\u00e9 vibrante et enveloppante, incarne l\u2019\u00e9nergie des terres du Cameroun. Les tons verts, jaunes et rouges rappellent le drapeau camerounais, \u00e9voquant la force et l\u2019authenticit\u00e9.La fleur Strelitzia, majestueuse plante tropicale aux spectaculaires fleurs jaunes, symbolise la r\u00e9siliance et la vitalit\u00e9, qualit\u00e9s qu\u2019Aristid transmet \u00e0 chaque d\u00e9gustation. Parfait pour ceux qui recherchent une exp\u00e9rience gustative qui leur apporte la chaleur et l\u2019\u00e2me du Cameroun, Aristid\u00ae est un ambassadeur de saveurs intenses, avec des notes de cacao, de fruits secs et des accents fruit\u00e9s qui rappellent la terre rouge et le soleil [&hellip;]\" \/>\n<meta property=\"og:url\" content=\"https:\/\/agricacao.agrimontana.it\/fr\/index.php\/aristid\/\" \/>\n<meta property=\"og:site_name\" content=\"Agricacao\" \/>\n<meta property=\"article:modified_time\" content=\"2025-07-21T16:06:33+00:00\" \/>\n<meta property=\"og:image\" content=\"https:\/\/agricacao.agrimontana.it\/wp-content\/uploads\/2025\/01\/LOGO-SUR-DEL-LAGO.webp\" \/>\n\t<meta property=\"og:image:width\" content=\"573\" \/>\n\t<meta property=\"og:image:height\" content=\"171\" \/>\n\t<meta property=\"og:image:type\" content=\"image\/webp\" \/>\n<meta name=\"twitter:card\" content=\"summary_large_image\" \/>\n<meta name=\"twitter:label1\" content=\"Dur\u00e9e de lecture estim\u00e9e\" \/>\n\t<meta name=\"twitter:data1\" content=\"9 minutes\" \/>\n<script type=\"application\/ld+json\" class=\"yoast-schema-graph\">{\"@context\":\"https:\/\/schema.org\",\"@graph\":[{\"@type\":\"WebPage\",\"@id\":\"https:\/\/agricacao.agrimontana.it\/fr\/index.php\/aristid\/\",\"url\":\"https:\/\/agricacao.agrimontana.it\/fr\/index.php\/aristid\/\",\"name\":\"Aristid - Agricacao\",\"isPartOf\":{\"@id\":\"https:\/\/agricacao.agrimontana.it\/fr\/#website\"},\"primaryImageOfPage\":{\"@id\":\"https:\/\/agricacao.agrimontana.it\/fr\/index.php\/aristid\/#primaryimage\"},\"image\":{\"@id\":\"https:\/\/agricacao.agrimontana.it\/fr\/index.php\/aristid\/#primaryimage\"},\"thumbnailUrl\":\"https:\/\/agricacao.agrimontana.it\/wp-content\/uploads\/2025\/01\/LOGO-SUR-DEL-LAGO.webp\",\"datePublished\":\"2025-01-17T18:12:22+00:00\",\"dateModified\":\"2025-07-21T16:06:33+00:00\",\"breadcrumb\":{\"@id\":\"https:\/\/agricacao.agrimontana.it\/fr\/index.php\/aristid\/#breadcrumb\"},\"inLanguage\":\"fr-FR\",\"potentialAction\":[{\"@type\":\"ReadAction\",\"target\":[\"https:\/\/agricacao.agrimontana.it\/fr\/index.php\/aristid\/\"]}]},{\"@type\":\"ImageObject\",\"inLanguage\":\"fr-FR\",\"@id\":\"https:\/\/agricacao.agrimontana.it\/fr\/index.php\/aristid\/#primaryimage\",\"url\":\"https:\/\/agricacao.agrimontana.it\/wp-content\/uploads\/2025\/01\/LOGO-SUR-DEL-LAGO.webp\",\"contentUrl\":\"https:\/\/agricacao.agrimontana.it\/wp-content\/uploads\/2025\/01\/LOGO-SUR-DEL-LAGO.webp\",\"width\":573,\"height\":171},{\"@type\":\"BreadcrumbList\",\"@id\":\"https:\/\/agricacao.agrimontana.it\/fr\/index.php\/aristid\/#breadcrumb\",\"itemListElement\":[{\"@type\":\"ListItem\",\"position\":1,\"name\":\"Home\",\"item\":\"https:\/\/agricacao.agrimontana.it\/fr\/\"},{\"@type\":\"ListItem\",\"position\":2,\"name\":\"Aristid\"}]},{\"@type\":\"WebSite\",\"@id\":\"https:\/\/agricacao.agrimontana.it\/fr\/#website\",\"url\":\"https:\/\/agricacao.agrimontana.it\/fr\/\",\"name\":\"Agricacao\",\"description\":\"Il cioccolato da copertura in formati e lavorazioni particolari.\",\"publisher\":{\"@id\":\"https:\/\/agricacao.agrimontana.it\/fr\/#organization\"},\"alternateName\":\"Agricacao\",\"potentialAction\":[{\"@type\":\"SearchAction\",\"target\":{\"@type\":\"EntryPoint\",\"urlTemplate\":\"https:\/\/agricacao.agrimontana.it\/fr\/?s={search_term_string}\"},\"query-input\":{\"@type\":\"PropertyValueSpecification\",\"valueRequired\":true,\"valueName\":\"search_term_string\"}}],\"inLanguage\":\"fr-FR\"},{\"@type\":\"Organization\",\"@id\":\"https:\/\/agricacao.agrimontana.it\/fr\/#organization\",\"name\":\"Agricacao - un Brand Agrimontana\",\"url\":\"https:\/\/agricacao.agrimontana.it\/fr\/\",\"logo\":{\"@type\":\"ImageObject\",\"inLanguage\":\"fr-FR\",\"@id\":\"https:\/\/agricacao.agrimontana.it\/fr\/#\/schema\/logo\/image\/\",\"url\":\"https:\/\/agricacao.agrimontana.it\/wp-content\/uploads\/2023\/09\/LOGO.png\",\"contentUrl\":\"https:\/\/agricacao.agrimontana.it\/wp-content\/uploads\/2023\/09\/LOGO.png\",\"width\":600,\"height\":227,\"caption\":\"Agricacao - un Brand Agrimontana\"},\"image\":{\"@id\":\"https:\/\/agricacao.agrimontana.it\/fr\/#\/schema\/logo\/image\/\"}}]}<\/script>\n<!-- \/ Yoast SEO plugin. -->","yoast_head_json":{"title":"Aristid - Agricacao","robots":{"index":"index","follow":"follow","max-snippet":"max-snippet:-1","max-image-preview":"max-image-preview:large","max-video-preview":"max-video-preview:-1"},"canonical":"https:\/\/agricacao.agrimontana.it\/fr\/index.php\/aristid\/","og_locale":"fr_FR","og_type":"article","og_title":"Aristid - Agricacao","og_description":"Aristid\u00ae, avec sa sonorit\u00e9 vibrante et enveloppante, incarne l\u2019\u00e9nergie des terres du Cameroun. Les tons verts, jaunes et rouges rappellent le drapeau camerounais, \u00e9voquant la force et l\u2019authenticit\u00e9.La fleur Strelitzia, majestueuse plante tropicale aux spectaculaires fleurs jaunes, symbolise la r\u00e9siliance et la vitalit\u00e9, qualit\u00e9s qu\u2019Aristid transmet \u00e0 chaque d\u00e9gustation. Parfait pour ceux qui recherchent une exp\u00e9rience gustative qui leur apporte la chaleur et l\u2019\u00e2me du Cameroun, Aristid\u00ae est un ambassadeur de saveurs intenses, avec des notes de cacao, de fruits secs et des accents fruit\u00e9s qui rappellent la terre rouge et le soleil [&hellip;]","og_url":"https:\/\/agricacao.agrimontana.it\/fr\/index.php\/aristid\/","og_site_name":"Agricacao","article_modified_time":"2025-07-21T16:06:33+00:00","og_image":[{"width":573,"height":171,"url":"https:\/\/agricacao.agrimontana.it\/wp-content\/uploads\/2025\/01\/LOGO-SUR-DEL-LAGO.webp","type":"image\/webp"}],"twitter_card":"summary_large_image","twitter_misc":{"Dur\u00e9e de lecture estim\u00e9e":"9 minutes"},"schema":{"@context":"https:\/\/schema.org","@graph":[{"@type":"WebPage","@id":"https:\/\/agricacao.agrimontana.it\/fr\/index.php\/aristid\/","url":"https:\/\/agricacao.agrimontana.it\/fr\/index.php\/aristid\/","name":"Aristid - Agricacao","isPartOf":{"@id":"https:\/\/agricacao.agrimontana.it\/fr\/#website"},"primaryImageOfPage":{"@id":"https:\/\/agricacao.agrimontana.it\/fr\/index.php\/aristid\/#primaryimage"},"image":{"@id":"https:\/\/agricacao.agrimontana.it\/fr\/index.php\/aristid\/#primaryimage"},"thumbnailUrl":"https:\/\/agricacao.agrimontana.it\/wp-content\/uploads\/2025\/01\/LOGO-SUR-DEL-LAGO.webp","datePublished":"2025-01-17T18:12:22+00:00","dateModified":"2025-07-21T16:06:33+00:00","breadcrumb":{"@id":"https:\/\/agricacao.agrimontana.it\/fr\/index.php\/aristid\/#breadcrumb"},"inLanguage":"fr-FR","potentialAction":[{"@type":"ReadAction","target":["https:\/\/agricacao.agrimontana.it\/fr\/index.php\/aristid\/"]}]},{"@type":"ImageObject","inLanguage":"fr-FR","@id":"https:\/\/agricacao.agrimontana.it\/fr\/index.php\/aristid\/#primaryimage","url":"https:\/\/agricacao.agrimontana.it\/wp-content\/uploads\/2025\/01\/LOGO-SUR-DEL-LAGO.webp","contentUrl":"https:\/\/agricacao.agrimontana.it\/wp-content\/uploads\/2025\/01\/LOGO-SUR-DEL-LAGO.webp","width":573,"height":171},{"@type":"BreadcrumbList","@id":"https:\/\/agricacao.agrimontana.it\/fr\/index.php\/aristid\/#breadcrumb","itemListElement":[{"@type":"ListItem","position":1,"name":"Home","item":"https:\/\/agricacao.agrimontana.it\/fr\/"},{"@type":"ListItem","position":2,"name":"Aristid"}]},{"@type":"WebSite","@id":"https:\/\/agricacao.agrimontana.it\/fr\/#website","url":"https:\/\/agricacao.agrimontana.it\/fr\/","name":"Agricacao","description":"Il cioccolato da copertura in formati e lavorazioni particolari.","publisher":{"@id":"https:\/\/agricacao.agrimontana.it\/fr\/#organization"},"alternateName":"Agricacao","potentialAction":[{"@type":"SearchAction","target":{"@type":"EntryPoint","urlTemplate":"https:\/\/agricacao.agrimontana.it\/fr\/?s={search_term_string}"},"query-input":{"@type":"PropertyValueSpecification","valueRequired":true,"valueName":"search_term_string"}}],"inLanguage":"fr-FR"},{"@type":"Organization","@id":"https:\/\/agricacao.agrimontana.it\/fr\/#organization","name":"Agricacao - un Brand Agrimontana","url":"https:\/\/agricacao.agrimontana.it\/fr\/","logo":{"@type":"ImageObject","inLanguage":"fr-FR","@id":"https:\/\/agricacao.agrimontana.it\/fr\/#\/schema\/logo\/image\/","url":"https:\/\/agricacao.agrimontana.it\/wp-content\/uploads\/2023\/09\/LOGO.png","contentUrl":"https:\/\/agricacao.agrimontana.it\/wp-content\/uploads\/2023\/09\/LOGO.png","width":600,"height":227,"caption":"Agricacao - un Brand Agrimontana"},"image":{"@id":"https:\/\/agricacao.agrimontana.it\/fr\/#\/schema\/logo\/image\/"}}]}},"_links":{"self":[{"href":"https:\/\/agricacao.agrimontana.it\/fr\/index.php\/wp-json\/wp\/v2\/pages\/22988632"}],"collection":[{"href":"https:\/\/agricacao.agrimontana.it\/fr\/index.php\/wp-json\/wp\/v2\/pages"}],"about":[{"href":"https:\/\/agricacao.agrimontana.it\/fr\/index.php\/wp-json\/wp\/v2\/types\/page"}],"author":[{"embeddable":true,"href":"https:\/\/agricacao.agrimontana.it\/fr\/index.php\/wp-json\/wp\/v2\/users\/2"}],"replies":[{"embeddable":true,"href":"https:\/\/agricacao.agrimontana.it\/fr\/index.php\/wp-json\/wp\/v2\/comments?post=22988632"}],"version-history":[{"count":4,"href":"https:\/\/agricacao.agrimontana.it\/fr\/index.php\/wp-json\/wp\/v2\/pages\/22988632\/revisions"}],"predecessor-version":[{"id":22988761,"href":"https:\/\/agricacao.agrimontana.it\/fr\/index.php\/wp-json\/wp\/v2\/pages\/22988632\/revisions\/22988761"}],"wp:featuredmedia":[{"embeddable":true,"href":"https:\/\/agricacao.agrimontana.it\/fr\/index.php\/wp-json\/wp\/v2\/media\/22988279"}],"wp:attachment":[{"href":"https:\/\/agricacao.agrimontana.it\/fr\/index.php\/wp-json\/wp\/v2\/media?parent=22988632"}],"curies":[{"name":"wp","href":"https:\/\/api.w.org\/{rel}","templated":true}]}}