{"id":22988608,"date":"2025-01-17T19:36:36","date_gmt":"2025-01-17T18:36:36","guid":{"rendered":"https:\/\/agricacao.agrimontana.it\/index.php\/akan\/"},"modified":"2025-07-21T18:00:13","modified_gmt":"2025-07-21T16:00:13","slug":"akan","status":"publish","type":"page","link":"https:\/\/agricacao.agrimontana.it\/fr\/index.php\/akan\/","title":{"rendered":"Akan"},"content":{"rendered":"<p>[et_pb_section fb_built=\u00a0\u00bb1&Prime; _builder_version=\u00a0\u00bb4.27.4&Prime; _module_preset=\u00a0\u00bbdefault\u00a0\u00bb background_color=\u00a0\u00bbRGBA(255,255,255,0)\u00a0\u00bb background_image=\u00a0\u00bbhttps:\/\/agricacao.agrimontana.it\/wp-content\/uploads\/2024\/08\/fondo_Agricacao.jpg\u00a0\u00bb parallax=\u00a0\u00bbon\u00a0\u00bb custom_margin=\u00a0\u00bb0px||||false|false\u00a0\u00bb custom_padding=\u00a0\u00bb0px||||false|false\u00a0\u00bb locked=\u00a0\u00bboff\u00a0\u00bb global_colors_info=\u00a0\u00bb{}\u00a0\u00bb][et_pb_row _builder_version=\u00a0\u00bb4.27.4&Prime; _module_preset=\u00a0\u00bbdefault\u00a0\u00bb width_tablet=\u00a0\u00bb\u00a0\u00bb width_phone=\u00a0\u00bb80%\u00a0\u00bb width_last_edited=\u00a0\u00bbon|phone\u00a0\u00bb global_colors_info=\u00a0\u00bb{}\u00a0\u00bb][et_pb_column type=\u00a0\u00bb4_4&Prime; _builder_version=\u00a0\u00bb4.27.4&Prime; _module_preset=\u00a0\u00bbdefault\u00a0\u00bb global_colors_info=\u00a0\u00bb{}\u00a0\u00bb][et_pb_image src=\u00a0\u00bbhttps:\/\/agricacao.agrimontana.it\/wp-content\/uploads\/2025\/01\/LOGO-AKAN.webp\u00a0\u00bb alt=\u00a0\u00bbLogo del Cacao Apurimac milagros\u00a0\u00bb title_text=\u00a0\u00bbLOGO AKAN\u00a0\u00bb _builder_version=\u00a0\u00bb4.27.4&Prime; _module_preset=\u00a0\u00bbdefault\u00a0\u00bb global_colors_info=\u00a0\u00bb{}\u00a0\u00bb][\/et_pb_image][et_pb_text _builder_version=\u00a0\u00bb4.27.4&Prime; _module_preset=\u00a0\u00bbdefault\u00a0\u00bb text_font=\u00a0\u00bb|300|||||||\u00a0\u00bb header_3_text_color=\u00a0\u00bb#BBA079&Prime; header_3_letter_spacing=\u00a0\u00bb2px\u00a0\u00bb width=\u00a0\u00bb100%\u00a0\u00bb module_alignment=\u00a0\u00bbcenter\u00a0\u00bb custom_margin=\u00a0\u00bb||||false|false\u00a0\u00bb custom_padding=\u00a0\u00bb|||20%|false|false\u00a0\u00bb custom_padding_tablet=\u00a0\u00bb|||23%|false|false\u00a0\u00bb custom_padding_phone=\u00a0\u00bb|||0%|false|false\u00a0\u00bb custom_padding_last_edited=\u00a0\u00bbon|phone\u00a0\u00bb global_colors_info=\u00a0\u00bb{}\u00a0\u00bb]Akan est le choix id\u00e9al pour ceux qui veulent un chocolat qui incarne l\u2019essence la plus authentique du cacao africain, <span style=\"color: #bba079;\"><strong>un chocolat \u00e0 la fois riche et engageant, \u00e0 l\u2019image de la terre dont il est issu.<\/strong><\/span>[\/et_pb_text][\/et_pb_column][\/et_pb_row][et_pb_row column_structure=\u00a0\u00bb1_4,3_4&Prime; use_custom_gutter=\u00a0\u00bbon\u00a0\u00bb gutter_width=\u00a0\u00bb1&Prime; disabled_on=\u00a0\u00bboff|off|on\u00a0\u00bb _builder_version=\u00a0\u00bb4.27.4&Prime; _module_preset=\u00a0\u00bbdefault\u00a0\u00bb width=\u00a0\u00bb100%\u00a0\u00bb custom_css_main_element=\u00a0\u00bbdisplay: flex;\u00a0\u00bb global_colors_info=\u00a0\u00bb{}\u00a0\u00bb][et_pb_column type=\u00a0\u00bb1_4&Prime; _builder_version=\u00a0\u00bb4.27.4&Prime; _module_preset=\u00a0\u00bbdefault\u00a0\u00bb global_colors_info=\u00a0\u00bb{}\u00a0\u00bb][bck_floating_image disabled_on=\u00a0\u00bboff|on|on\u00a0\u00bb _builder_version=\u00a0\u00bb4.27.4&Prime; _module_preset=\u00a0\u00bbdefault\u00a0\u00bb module_alignment=\u00a0\u00bbcenter\u00a0\u00bb custom_margin=\u00a0\u00bb20%||||false|false\u00a0\u00bb custom_margin_tablet=\u00a0\u00bb20%||||false|false\u00a0\u00bb custom_margin_phone=\u00a0\u00bb0%||||false|false\u00a0\u00bb custom_margin_last_edited=\u00a0\u00bbon|phone\u00a0\u00bb animation_style=\u00a0\u00bbbounce\u00a0\u00bb hover_enabled=\u00a0\u00bb0&Prime; module_alignment_tablet=\u00a0\u00bbcenter\u00a0\u00bb module_alignment_phone=\u00a0\u00bbcenter\u00a0\u00bb module_alignment_last_edited=\u00a0\u00bbon|phone\u00a0\u00bb global_colors_info=\u00a0\u00bb{}\u00a0\u00bb sticky_enabled=\u00a0\u00bb0&Prime;][bck_floating_image_child image=\u00a0\u00bbhttps:\/\/agricacao.agrimontana.it\/wp-content\/uploads\/2025\/07\/Agricacao_LoghiSelezioni_AKAN_FR.png\u00a0\u00bb translate_from_y=\u00a0\u00bb-10px\u00a0\u00bb translate_to_y=\u00a0\u00bb10px\u00a0\u00bb item_width=\u00a0\u00bb40%\u00a0\u00bb offset_x=\u00a0\u00bb30%\u00a0\u00bb offset_x_tablet=\u00a0\u00bb30%\u00a0\u00bb offset_x_phone=\u00a0\u00bb37%\u00a0\u00bb offset_x_last_edited=\u00a0\u00bbon|phone\u00a0\u00bb _builder_version=\u00a0\u00bb4.27.4&Prime; _module_preset=\u00a0\u00bbdefault\u00a0\u00bb custom_margin=\u00a0\u00bb||||false|false\u00a0\u00bb hover_enabled=\u00a0\u00bb0&Prime; global_colors_info=\u00a0\u00bb{}\u00a0\u00bb alt=\u00a0\u00bbAgricacao_LoghiSelezioni_AKAN_FR\u00a0\u00bb title_text=\u00a0\u00bbAgricacao_LoghiSelezioni_AKAN_FR\u00a0\u00bb sticky_enabled=\u00a0\u00bb0&Prime;][\/bck_floating_image_child][\/bck_floating_image][\/et_pb_column][et_pb_column type=\u00a0\u00bb3_4&Prime; _builder_version=\u00a0\u00bb4.27.4&Prime; _module_preset=\u00a0\u00bbdefault\u00a0\u00bb custom_padding=\u00a0\u00bb0px|0px|0px|0px|false|false\u00a0\u00bb global_colors_info=\u00a0\u00bb{}\u00a0\u00bb][dsm_tilt_image src=\u00a0\u00bbhttps:\/\/agricacao.agrimontana.it\/wp-content\/uploads\/2025\/01\/Cabosse_Akan.webp\u00a0\u00bb title_text=\u00a0\u00bbCabosse_Akan\u00a0\u00bb dsm_tilt_max=\u00a0\u00bb24&Prime; dsm_use_glare=\u00a0\u00bbon\u00a0\u00bb dsm_use_parallax=\u00a0\u00bbon\u00a0\u00bb align=\u00a0\u00bbright\u00a0\u00bb _builder_version=\u00a0\u00bb4.27.4&Prime; _module_preset=\u00a0\u00bbdefault\u00a0\u00bb width=\u00a0\u00bb60%\u00a0\u00bb width_tablet=\u00a0\u00bb60%\u00a0\u00bb width_phone=\u00a0\u00bb100%\u00a0\u00bb width_last_edited=\u00a0\u00bbon|phone\u00a0\u00bb module_alignment=\u00a0\u00bbcenter\u00a0\u00bb custom_margin=\u00a0\u00bb||0px||false|false\u00a0\u00bb custom_padding=\u00a0\u00bb||0px||false|false\u00a0\u00bb global_colors_info=\u00a0\u00bb{}\u00a0\u00bb][\/dsm_tilt_image][\/et_pb_column][\/et_pb_row][et_pb_row column_structure=\u00a0\u00bb1_3,2_3&Prime; disabled_on=\u00a0\u00bbon|on|off\u00a0\u00bb _builder_version=\u00a0\u00bb4.27.4&Prime; _module_preset=\u00a0\u00bbdefault\u00a0\u00bb module_alignment=\u00a0\u00bbcenter\u00a0\u00bb custom_css_main_element=\u00a0\u00bbdisplay: flex;\u00a0\u00bb global_colors_info=\u00a0\u00bb{}\u00a0\u00bb][et_pb_column type=\u00a0\u00bb1_3&Prime; _builder_version=\u00a0\u00bb4.27.4&Prime; _module_preset=\u00a0\u00bbdefault\u00a0\u00bb global_colors_info=\u00a0\u00bb{}\u00a0\u00bb][bck_floating_image _builder_version=\u00a0\u00bb4.27.4&Prime; _module_preset=\u00a0\u00bbdefault\u00a0\u00bb module_alignment=\u00a0\u00bbcenter\u00a0\u00bb custom_margin=\u00a0\u00bb20%||20%||false|false\u00a0\u00bb custom_margin_tablet=\u00a0\u00bb20%||||false|false\u00a0\u00bb custom_margin_phone=\u00a0\u00bb0%||||false|false\u00a0\u00bb custom_margin_last_edited=\u00a0\u00bbon|phone\u00a0\u00bb animation_style=\u00a0\u00bbbounce\u00a0\u00bb hover_enabled=\u00a0\u00bb0&Prime; module_alignment_tablet=\u00a0\u00bbcenter\u00a0\u00bb module_alignment_phone=\u00a0\u00bbleft\u00a0\u00bb module_alignment_last_edited=\u00a0\u00bbon|phone\u00a0\u00bb global_colors_info=\u00a0\u00bb{}\u00a0\u00bb sticky_enabled=\u00a0\u00bb0&Prime;][bck_floating_image_child image=\u00a0\u00bbhttps:\/\/agricacao.agrimontana.it\/wp-content\/uploads\/2025\/07\/Agricacao_LoghiSelezioni_AKAN_FR.png\u00a0\u00bb translate_from_y=\u00a0\u00bb-10px\u00a0\u00bb translate_to_y=\u00a0\u00bb10px\u00a0\u00bb item_width=\u00a0\u00bb40%\u00a0\u00bb offset_x=\u00a0\u00bb30%\u00a0\u00bb offset_x_tablet=\u00a0\u00bb30%\u00a0\u00bb offset_x_phone=\u00a0\u00bb0%\u00a0\u00bb offset_x_last_edited=\u00a0\u00bbon|phone\u00a0\u00bb _builder_version=\u00a0\u00bb4.27.4&Prime; _module_preset=\u00a0\u00bbdefault\u00a0\u00bb custom_margin=\u00a0\u00bb-20%||||false|false\u00a0\u00bb hover_enabled=\u00a0\u00bb0&Prime; global_colors_info=\u00a0\u00bb{}\u00a0\u00bb alt=\u00a0\u00bbAgricacao_LoghiSelezioni_AKAN_FR\u00a0\u00bb title_text=\u00a0\u00bbAgricacao_LoghiSelezioni_AKAN_FR\u00a0\u00bb sticky_enabled=\u00a0\u00bb0&Prime;][\/bck_floating_image_child][\/bck_floating_image][\/et_pb_column][et_pb_column type=\u00a0\u00bb2_3&Prime; _builder_version=\u00a0\u00bb4.27.4&Prime; _module_preset=\u00a0\u00bbdefault\u00a0\u00bb global_colors_info=\u00a0\u00bb{}\u00a0\u00bb][dsm_tilt_image src=\u00a0\u00bbhttps:\/\/agricacao.agrimontana.it\/wp-content\/uploads\/2025\/01\/Cabosse_Akan.webp\u00a0\u00bb title_text=\u00a0\u00bbCabosse_Akan\u00a0\u00bb dsm_tilt_max=\u00a0\u00bb24&Prime; dsm_use_glare=\u00a0\u00bbon\u00a0\u00bb dsm_use_parallax=\u00a0\u00bbon\u00a0\u00bb align=\u00a0\u00bbright\u00a0\u00bb _builder_version=\u00a0\u00bb4.27.4&Prime; _module_preset=\u00a0\u00bbdefault\u00a0\u00bb width=\u00a0\u00bb60%\u00a0\u00bb width_tablet=\u00a0\u00bb60%\u00a0\u00bb width_phone=\u00a0\u00bb100%\u00a0\u00bb width_last_edited=\u00a0\u00bbon|phone\u00a0\u00bb module_alignment=\u00a0\u00bbcenter\u00a0\u00bb custom_margin=\u00a0\u00bb||0px||false|false\u00a0\u00bb custom_padding=\u00a0\u00bb||0px||false|false\u00a0\u00bb global_colors_info=\u00a0\u00bb{}\u00a0\u00bb][\/dsm_tilt_image][\/et_pb_column][\/et_pb_row][et_pb_row column_structure=\u00a0\u00bb1_2,1_2&Prime; use_custom_gutter=\u00a0\u00bbon\u00a0\u00bb gutter_width=\u00a0\u00bb1&Prime; make_equal=\u00a0\u00bbon\u00a0\u00bb _builder_version=\u00a0\u00bb4.27.4&Prime; _module_preset=\u00a0\u00bbdefault\u00a0\u00bb module_alignment=\u00a0\u00bbcenter\u00a0\u00bb global_colors_info=\u00a0\u00bb{}\u00a0\u00bb][et_pb_column type=\u00a0\u00bb1_2&Prime; _builder_version=\u00a0\u00bb4.27.4&Prime; _module_preset=\u00a0\u00bbdefault\u00a0\u00bb global_colors_info=\u00a0\u00bb{}\u00a0\u00bb][dsm_tilt_image src=\u00a0\u00bbhttps:\/\/agricacao.agrimontana.it\/wp-content\/uploads\/2025\/01\/Firefly_akan.webp\u00a0\u00bb alt=\u00a0\u00bbPlumbago\u00a0\u00bb title_text=\u00a0\u00bbFirefly_akan\u00a0\u00bb dsm_tilt_max=\u00a0\u00bb24&Prime; dsm_tilt_reverse=\u00a0\u00bbon\u00a0\u00bb align=\u00a0\u00bbcenter\u00a0\u00bb _builder_version=\u00a0\u00bb4.27.4&Prime; _module_preset=\u00a0\u00bbdefault\u00a0\u00bb width=\u00a0\u00bb80%\u00a0\u00bb module_alignment=\u00a0\u00bbright\u00a0\u00bb custom_margin=\u00a0\u00bb-50%||||false|false\u00a0\u00bb global_colors_info=\u00a0\u00bb{}\u00a0\u00bb][\/dsm_tilt_image][\/et_pb_column][et_pb_column type=\u00a0\u00bb1_2&Prime; _builder_version=\u00a0\u00bb4.27.4&Prime; _module_preset=\u00a0\u00bbdefault\u00a0\u00bb global_colors_info=\u00a0\u00bb{}\u00a0\u00bb][et_pb_text _builder_version=\u00a0\u00bb4.27.4&Prime; _module_preset=\u00a0\u00bbdefault\u00a0\u00bb text_font=\u00a0\u00bb|300|||||||\u00a0\u00bb header_3_font=\u00a0\u00bb|&#8211;et_global_heading_font_weight|||||||\u00a0\u00bb header_3_text_color=\u00a0\u00bb#BBA079&Prime; header_3_letter_spacing=\u00a0\u00bb2px\u00a0\u00bb width=\u00a0\u00bb80%\u00a0\u00bb module_alignment=\u00a0\u00bbleft\u00a0\u00bb custom_margin=\u00a0\u00bb||||false|false\u00a0\u00bb custom_padding=\u00a0\u00bb||||false|false\u00a0\u00bb module_alignment_tablet=\u00a0\u00bbleft\u00a0\u00bb module_alignment_phone=\u00a0\u00bbcenter\u00a0\u00bb module_alignment_last_edited=\u00a0\u00bbon|phone\u00a0\u00bb global_colors_info=\u00a0\u00bb{}\u00a0\u00bb]<span style=\"color: #bba079;\"><strong>Il s\u2019agit d\u2019une figure f\u00e9minine forte et d\u00e9cid\u00e9e, qui se dresse fi\u00e8re parmis les tons de rouge, de vert et d\u2019or.<\/strong><\/span> La fleur stylis\u00e9e de la rose du d\u00e9sert, ou lys impala, avec ses cinq p\u00e9tales de forme harmonieuse, repr\u00e9sente sa r\u00e9silience et son lien profond avec la nature.[\/et_pb_text][\/et_pb_column][\/et_pb_row][et_pb_row column_structure=\u00a0\u00bb1_4,3_4&Prime; use_custom_gutter=\u00a0\u00bbon\u00a0\u00bb gutter_width=\u00a0\u00bb1&Prime; make_equal=\u00a0\u00bbon\u00a0\u00bb _builder_version=\u00a0\u00bb4.27.4&Prime; _module_preset=\u00a0\u00bbdefault\u00a0\u00bb module_alignment=\u00a0\u00bbcenter\u00a0\u00bb global_colors_info=\u00a0\u00bb{}\u00a0\u00bb][et_pb_column type=\u00a0\u00bb1_4&Prime; _builder_version=\u00a0\u00bb4.27.4&Prime; _module_preset=\u00a0\u00bbdefault\u00a0\u00bb global_colors_info=\u00a0\u00bb{}\u00a0\u00bb][et_pb_image src=\u00a0\u00bbhttps:\/\/agricacao.agrimontana.it\/wp-content\/uploads\/2025\/01\/Pastiglia-e1736963929580.webp\u00a0\u00bb alt=\u00a0\u00bbPastiglia di Cacao\u00a0\u00bb title_text=\u00a0\u00bbPastiglia di Cacao\u00a0\u00bb align=\u00a0\u00bbright\u00a0\u00bb align_tablet=\u00a0\u00bb\u00a0\u00bb align_phone=\u00a0\u00bbleft\u00a0\u00bb align_last_edited=\u00a0\u00bbon|phone\u00a0\u00bb _builder_version=\u00a0\u00bb4.27.4&Prime; _module_preset=\u00a0\u00bbdefault\u00a0\u00bb width=\u00a0\u00bb30%\u00a0\u00bb width_tablet=\u00a0\u00bb30%\u00a0\u00bb width_phone=\u00a0\u00bb20%\u00a0\u00bb width_last_edited=\u00a0\u00bbon|desktop\u00a0\u00bb module_alignment=\u00a0\u00bbright\u00a0\u00bb custom_margin=\u00a0\u00bb-5%||||false|false\u00a0\u00bb module_alignment_tablet=\u00a0\u00bbright\u00a0\u00bb module_alignment_phone=\u00a0\u00bbleft\u00a0\u00bb module_alignment_last_edited=\u00a0\u00bbon|phone\u00a0\u00bb global_colors_info=\u00a0\u00bb{}\u00a0\u00bb][\/et_pb_image][\/et_pb_column][et_pb_column type=\u00a0\u00bb3_4&Prime; _builder_version=\u00a0\u00bb4.27.4&Prime; _module_preset=\u00a0\u00bbdefault\u00a0\u00bb global_colors_info=\u00a0\u00bb{}\u00a0\u00bb][et_pb_heading title=\u00a0\u00bbProfil aromatique\u00a0\u00bb _builder_version=\u00a0\u00bb4.27.4&Prime; _module_preset=\u00a0\u00bbdefault\u00a0\u00bb global_colors_info=\u00a0\u00bb{}\u00a0\u00bb][\/et_pb_heading][et_pb_text _builder_version=\u00a0\u00bb4.27.4&Prime; _module_preset=\u00a0\u00bbdefault\u00a0\u00bb header_3_text_color=\u00a0\u00bb#ac8b5b\u00a0\u00bb header_3_font_size=\u00a0\u00bb20px\u00a0\u00bb width=\u00a0\u00bb100%\u00a0\u00bb module_alignment=\u00a0\u00bbleft\u00a0\u00bb custom_margin=\u00a0\u00bb||||false|false\u00a0\u00bb custom_padding=\u00a0\u00bb||||false|false\u00a0\u00bb global_colors_info=\u00a0\u00bb{}\u00a0\u00bb]<span style=\"color: #bba079\"><strong> Akan est un chocolat qui combine les meilleures qualit\u00e9s des cacaos du Ghana et du Lib\u00e9ria, donnant aux cr\u00e9ations une structure stable et une saveur profonde.<\/strong><\/span><br \/>\nAvec ses notes intenses de cacao, de noix de coco et terreuse, Akan est id\u00e9al pour les desserts classiques au go\u00fbt riche et \u00e9quilibr\u00e9, tels que les g\u00e2teaux, les brownies et les ganaches. Gr\u00e2ce \u00e0 sa polyvalence, il est id\u00e9al pour toutes les utilisations, et il est \u00e9galement excellent pour les applications de cuisson, en conservant son profil aromatique intact. Akan c\u00e9l\u00e8bre la puret\u00e9 du cacao africain, ce qui en fait un alli\u00e9 indispensable pour ceux qui souhaitent donner du caract\u00e8re et de la personnalit\u00e9 \u00e0 leurs desserts.[\/et_pb_text][dipl_tabs _builder_version=\u00a0\u00bb4.27.4&Prime; _module_preset=\u00a0\u00bbdefault\u00a0\u00bb global_colors_info=\u00a0\u00bb{}\u00a0\u00bb][\/dipl_tabs][\/et_pb_column][\/et_pb_row][et_pb_row _builder_version=\u00a0\u00bb4.27.4&Prime; _module_preset=\u00a0\u00bbdefault\u00a0\u00bb locked=\u00a0\u00bboff\u00a0\u00bb global_colors_info=\u00a0\u00bb{}\u00a0\u00bb][et_pb_column type=\u00a0\u00bb4_4&Prime; _builder_version=\u00a0\u00bb4.27.4&Prime; _module_preset=\u00a0\u00bbdefault\u00a0\u00bb global_colors_info=\u00a0\u00bb{}\u00a0\u00bb][et_pb_heading title=\u00a0\u00bbLa Gamme\u00a0\u00bb _builder_version=\u00a0\u00bb4.27.4&Prime; _module_preset=\u00a0\u00bbdefault\u00a0\u00bb title_level=\u00a0\u00bbh2&Prime; title_text_align=\u00a0\u00bbcenter\u00a0\u00bb title_text_color=\u00a0\u00bb#94693A\u00a0\u00bb title_font_size=\u00a0\u00bb42px\u00a0\u00bb global_colors_info=\u00a0\u00bb{}\u00a0\u00bb][\/et_pb_heading][dipl_image_card_carousel space_between_slides=\u00a0\u00bb0px\u00a0\u00bb equalize_slides_height=\u00a0\u00bbon\u00a0\u00bb autoplay=\u00a0\u00bboff\u00a0\u00bb show_control_dot=\u00a0\u00bbon\u00a0\u00bb control_dot_active_color=\u00a0\u00bb#94693A\u00a0\u00bb slider_container_custom_padding=\u00a0\u00bb0px||||false|false\u00a0\u00bb cards_per_slide_tablet=\u00a0\u00bb2&Prime; cards_per_slide_phone=\u00a0\u00bb1&Prime; _builder_version=\u00a0\u00bb4.27.4&Prime; _module_preset=\u00a0\u00bbdefault\u00a0\u00bb title_level=\u00a0\u00bbh3&Prime; title_text_align=\u00a0\u00bbcenter\u00a0\u00bb content_text_align=\u00a0\u00bbcenter\u00a0\u00bb background_color=\u00a0\u00bb#ffffff\u00a0\u00bb text_orientation=\u00a0\u00bbcenter\u00a0\u00bb width=\u00a0\u00bb67%\u00a0\u00bb module_alignment=\u00a0\u00bbcenter\u00a0\u00bb custom_margin=\u00a0\u00bb||||false|false\u00a0\u00bb global_colors_info=\u00a0\u00bb{}\u00a0\u00bb][dipl_image_card_carousel_item title=\u00a0\u00bb68%\u00a0\u00bb image=\u00a0\u00bbhttps:\/\/agricacao.agrimontana.it\/wp-content\/uploads\/2025\/07\/Agricacao_SaccoAlluminato_Akan68.jpg\u00a0\u00bb image_alt=\u00a0\u00bbAgricacao Sacco Alluminato Akan 68% COPERTURA FONDENTE\u00a0\u00bb icon_font_size=\u00a0\u00bb1px\u00a0\u00bb content_custom_padding=\u00a0\u00bb0px||0px||true|true\u00a0\u00bb _builder_version=\u00a0\u00bb4.27.4&Prime; _module_preset=\u00a0\u00bbdefault\u00a0\u00bb title_level=\u00a0\u00bbh3&Prime; title_text_align=\u00a0\u00bbcenter\u00a0\u00bb title_text_color=\u00a0\u00bb#4F271B\u00a0\u00bb title_font_size=\u00a0\u00bb35px\u00a0\u00bb content_font=\u00a0\u00bb|600|||||||\u00a0\u00bb content_text_align=\u00a0\u00bbcenter\u00a0\u00bb content_text_color=\u00a0\u00bb#4F271B\u00a0\u00bb content_font_size=\u00a0\u00bb16px\u00a0\u00bb text_orientation=\u00a0\u00bbcenter\u00a0\u00bb module_alignment=\u00a0\u00bbcenter\u00a0\u00bb custom_margin=\u00a0\u00bb||0px||false|false\u00a0\u00bb custom_padding=\u00a0\u00bb||0px||false|false\u00a0\u00bb global_colors_info=\u00a0\u00bb{}\u00a0\u00bb]<\/p>\n<p>COUVERTURE NOIRE<\/p>\n<p>[\/dipl_image_card_carousel_item][dipl_image_card_carousel_item title=\u00a0\u00bb61%\u00a0\u00bb image=\u00a0\u00bbhttps:\/\/agricacao.agrimontana.it\/wp-content\/uploads\/2025\/07\/Agricacao_SaccoAlluminato_Akan61.jpg\u00a0\u00bb image_alt=\u00a0\u00bbAgricacao Sacco Alluminato Akan 61% COPERTURA FONDENTE\u00a0\u00bb icon_font_size=\u00a0\u00bb1px\u00a0\u00bb content_custom_padding=\u00a0\u00bb0px||0px||true|true\u00a0\u00bb _builder_version=\u00a0\u00bb4.27.4&Prime; _module_preset=\u00a0\u00bbdefault\u00a0\u00bb title_level=\u00a0\u00bbh3&Prime; title_text_align=\u00a0\u00bbcenter\u00a0\u00bb title_text_color=\u00a0\u00bb#773525&Prime; title_font_size=\u00a0\u00bb35px\u00a0\u00bb content_font=\u00a0\u00bb|600|||||||\u00a0\u00bb content_text_align=\u00a0\u00bbcenter\u00a0\u00bb content_text_color=\u00a0\u00bb#4F271B\u00a0\u00bb content_font_size=\u00a0\u00bb16px\u00a0\u00bb text_orientation=\u00a0\u00bbcenter\u00a0\u00bb module_alignment=\u00a0\u00bbcenter\u00a0\u00bb custom_margin=\u00a0\u00bb||0px||false|false\u00a0\u00bb custom_padding=\u00a0\u00bb||0px||false|false\u00a0\u00bb global_colors_info=\u00a0\u00bb{}\u00a0\u00bb]<\/p>\n<p>COUVERTURE NOIRE<\/p>\n<p>[\/dipl_image_card_carousel_item][dipl_image_card_carousel_item title=\u00a0\u00bb38%\u00a0\u00bb image=\u00a0\u00bbhttps:\/\/agricacao.agrimontana.it\/wp-content\/uploads\/2025\/07\/Agricacao_SaccoAlluminato_Akan38.jpg\u00a0\u00bb image_alt=\u00a0\u00bbAgricacao Sacco Alluminato Akan 38% Copertura al latte\u00a0\u00bb icon_font_size=\u00a0\u00bb1px\u00a0\u00bb content_custom_padding=\u00a0\u00bb0px||0px||true|true\u00a0\u00bb _builder_version=\u00a0\u00bb4.27.4&Prime; _module_preset=\u00a0\u00bbdefault\u00a0\u00bb title_level=\u00a0\u00bbh3&Prime; title_text_align=\u00a0\u00bbcenter\u00a0\u00bb title_text_color=\u00a0\u00bb#CBB568&Prime; title_font_size=\u00a0\u00bb35px\u00a0\u00bb content_font=\u00a0\u00bb|600|||||||\u00a0\u00bb content_text_align=\u00a0\u00bbcenter\u00a0\u00bb content_text_color=\u00a0\u00bb#4F271B\u00a0\u00bb content_font_size=\u00a0\u00bb16px\u00a0\u00bb text_orientation=\u00a0\u00bbcenter\u00a0\u00bb module_alignment=\u00a0\u00bbcenter\u00a0\u00bb custom_margin=\u00a0\u00bb||0px||false|false\u00a0\u00bb custom_padding=\u00a0\u00bb||0px||false|false\u00a0\u00bb global_colors_info=\u00a0\u00bb{}\u00a0\u00bb]<\/p>\n<p>COUVERTURE AU LAIT<\/p>\n<p>[\/dipl_image_card_carousel_item][\/dipl_image_card_carousel][\/et_pb_column][\/et_pb_row][\/et_pb_section]<\/p>\n","protected":false},"excerpt":{"rendered":"<p>Akan est le choix id\u00e9al pour ceux qui veulent un chocolat qui incarne l\u2019essence la plus authentique du cacao africain, un chocolat \u00e0 la fois riche et engageant, \u00e0 l\u2019image de la terre dont il est issu.<div class=\"et_pb_module bck_floating_image bck_floating_image_0 et_animated\">\n\t\t\t\t\n\t\t\t\t\n\t\t\t\t\n\t\t\t\t\n\t\t\t\t\n\t\t\t\t\n\t\t\t\t<div class=\"et_pb_module_inner\">\n\t\t\t\t\t<div class=\"bck-module bck-parent bck-floating-image\">\r\n\t\t\t\t\r\n\t\t\t\t<div class=\"bck_floating_image_child bck_floating_image_child_0 bck_et_pb_module\">\n\t\t\t\t\n\t\t\t\t\n\t\t\t\t\n\t\t\t\t\n\t\t\t\t\n\t\t\t\t\n\t\t\t\t<div class=\"et_pb_module_inner\">\n\t\t\t\t\t<div class=\"bck-module bck-child bck-floating-image-item\">\r\n\t\t\t\t<style>@keyframes bck-float-0 {\r\n\t\t\t\t0% {\r\n\t\t\t\t\ttransform: translateX(0px) translateY(-10px) rotateX(0deg) rotateY(0deg) rotateZ(0deg) scale(1);\r\n\t\t\t\t}\r\n\t\t\t\t100% {\r\n\t\t\t\t\ttransform: translateX(0px) translateY(10px) rotateX(0deg) rotateY(0deg) rotateZ(0deg) scale(1);\r\n\t\t\t\t}\r\n\t\t\t}<\/style>\r\n                <img decoding=\"async\" src=\"https:\/\/agricacao.agrimontana.it\/wp-content\/uploads\/2025\/07\/Agricacao_LoghiSelezioni_AKAN_FR.png\" alt=\"\"\/>\r\n            <\/div>\n\t\t\t\t<\/div>\n\t\t\t<\/div>\r\n            <\/div>\n\t\t\t\t<\/div>\n\t\t\t<\/div><div class=\"et_pb_module dsm_tilt_image dsm_tilt_image_0\">\n\t\t\t\t\n\t\t\t\t\n\t\t\t\t\n\t\t\t\t\n\t\t\t\t\n\t\t\t\t\n\t\t\t\t<div class=\"et_pb_module_inner\">\n\t\t\t\t\t<div class=\"dsm-tilt-image-wrapper\" data-tilt data-tilt-max=\"24\" data-tilt-speed=\"300\" data-tilt-perspective=\"1000\" data-tilt-scale=\"1\" data-tilt-mobile-disable=\"off\" data-tilt-glare data-tilt-max-glare=1 data-tilt-reverse=\"false\">\n\t\t\t\t\n\t\t\t\t\n\t\t\t\t<span class=\"et_pb_image_wrap \"><img decoding=\"async\" src=\"https:\/\/agricacao.agrimontana.it\/wp-content\/uploads\/2025\/01\/Cabosse_Akan.webp\" alt=\"\" title=\"Cabosse_Akan\" \/><\/span>\n\t\t\t<\/div>\n\t\t\t\t<\/div>\n\t\t\t<\/div><div class=\"et_pb_module bck_floating_image bck_floating_image_1 et_animated\">\n\t\t\t\t\n\t\t\t\t\n\t\t\t\t\n\t\t\t\t\n\t\t\t\t\n\t\t\t\t\n\t\t\t\t<div class=\"et_pb_module_inner\">\n\t\t\t\t\t<div class=\"bck-module bck-parent bck-floating-image\">\r\n\t\t\t\t\r\n\t\t\t\t<div class=\"bck_floating_image_child bck_floating_image_child_1 bck_et_pb_module\">\n\t\t\t\t\n\t\t\t\t\n\t\t\t\t\n\t\t\t\t\n\t\t\t\t\n\t\t\t\t\n\t\t\t\t<div class=\"et_pb_module_inner\">\n\t\t\t\t\t<div class=\"bck-module bck-child bck-floating-image-item\">\r\n\t\t\t\t<style>@keyframes bck-float-1 {\r\n\t\t\t\t0% {\r\n\t\t\t\t\ttransform: translateX(0px) translateY(-10px) rotateX(0deg) rotateY(0deg) rotateZ(0deg) scale(1);\r\n\t\t\t\t}\r\n\t\t\t\t100% {\r\n\t\t\t\t\ttransform: translateX(0px) translateY(10px) rotateX(0deg) rotateY(0deg) rotateZ(0deg) scale(1);\r\n\t\t\t\t}\r\n\t\t\t}<\/style>\r\n                <img decoding=\"async\" src=\"https:\/\/agricacao.agrimontana.it\/wp-content\/uploads\/2025\/07\/Agricacao_LoghiSelezioni_AKAN_FR.png\" alt=\"\"\/>\r\n            <\/div>\n\t\t\t\t<\/div>\n\t\t\t<\/div>\r\n            <\/div>\n\t\t\t\t<\/div>\n\t\t\t<\/div><div class=\"et_pb_module dsm_tilt_image dsm_tilt_image_1\">\n\t\t\t\t\n\t\t\t\t\n\t\t\t\t\n\t\t\t\t\n\t\t\t\t\n\t\t\t\t\n\t\t\t\t<div class=\"et_pb_module_inner\">\n\t\t\t\t\t<div class=\"dsm-tilt-image-wrapper\" data-tilt data-tilt-max=\"24\" data-tilt-speed=\"300\" data-tilt-perspective=\"1000\" data-tilt-scale=\"1\" data-tilt-mobile-disable=\"off\" data-tilt-glare data-tilt-max-glare=1 data-tilt-reverse=\"false\">\n\t\t\t\t\n\t\t\t\t\n\t\t\t\t<span class=\"et_pb_image_wrap \"><img decoding=\"async\" src=\"https:\/\/agricacao.agrimontana.it\/wp-content\/uploads\/2025\/01\/Cabosse_Akan.webp\" alt=\"\" title=\"Cabosse_Akan\" \/><\/span>\n\t\t\t<\/div>\n\t\t\t\t<\/div>\n\t\t\t<\/div><div class=\"et_pb_module dsm_tilt_image dsm_tilt_image_2\">\n\t\t\t\t\n\t\t\t\t\n\t\t\t\t\n\t\t\t\t\n\t\t\t\t\n\t\t\t\t\n\t\t\t\t<div class=\"et_pb_module_inner\">\n\t\t\t\t\t<div class=\"dsm-tilt-image-wrapper\" data-tilt data-tilt-max=\"24\" data-tilt-speed=\"300\" data-tilt-perspective=\"1000\" data-tilt-scale=\"1\" data-tilt-mobile-disable=\"off\" data-tilt-reverse=\"true\">\n\t\t\t\t\n\t\t\t\t\n\t\t\t\t<span class=\"et_pb_image_wrap \"><img decoding=\"async\" src=\"https:\/\/agricacao.agrimontana.it\/wp-content\/uploads\/2025\/01\/Firefly_akan.webp\" alt=\"Plumbago\" title=\"Firefly_akan\" \/><\/span>\n\t\t\t<\/div>\n\t\t\t\t<\/div>\n\t\t\t<\/div>Il s\u2019agit d\u2019une figure f\u00e9minine forte et d\u00e9cid\u00e9e, qui se dresse fi\u00e8re parmis les tons de rouge, de vert et d\u2019or. La fleur stylis\u00e9e de la rose du d\u00e9sert, ou lys impala, avec ses cinq p\u00e9tales de forme harmonieuse, repr\u00e9sente sa r\u00e9silience et son lien profond avec la nature. Akan est un chocolat qui combine les meilleures qualit\u00e9s des [&hellip;]<\/p>\n","protected":false},"author":2,"featured_media":22988279,"parent":0,"menu_order":0,"comment_status":"closed","ping_status":"closed","template":"","meta":{"_et_pb_use_builder":"on","_et_pb_old_content":"","_et_gb_content_width":"","footnotes":""},"class_list":["post-22988608","page","type-page","status-publish","has-post-thumbnail","hentry"],"yoast_head":"<!-- This site is optimized with the Yoast SEO plugin v25.6 - https:\/\/yoast.com\/wordpress\/plugins\/seo\/ -->\n<title>Akan - Agricacao<\/title>\n<meta name=\"robots\" content=\"index, follow, max-snippet:-1, max-image-preview:large, max-video-preview:-1\" \/>\n<link rel=\"canonical\" href=\"https:\/\/agricacao.agrimontana.it\/fr\/index.php\/akan\/\" \/>\n<meta property=\"og:locale\" content=\"fr_FR\" \/>\n<meta property=\"og:type\" content=\"article\" \/>\n<meta property=\"og:title\" content=\"Akan - Agricacao\" \/>\n<meta property=\"og:description\" content=\"Akan est le choix id\u00e9al pour ceux qui veulent un chocolat qui incarne l\u2019essence la plus authentique du cacao africain, un chocolat \u00e0 la fois riche et engageant, \u00e0 l\u2019image de la terre dont il est issu.Il s\u2019agit d\u2019une figure f\u00e9minine forte et d\u00e9cid\u00e9e, qui se dresse fi\u00e8re parmis les tons de rouge, de vert et d\u2019or. La fleur stylis\u00e9e de la rose du d\u00e9sert, ou lys impala, avec ses cinq p\u00e9tales de forme harmonieuse, repr\u00e9sente sa r\u00e9silience et son lien profond avec la nature. Akan est un chocolat qui combine les meilleures qualit\u00e9s des [&hellip;]\" \/>\n<meta property=\"og:url\" content=\"https:\/\/agricacao.agrimontana.it\/fr\/index.php\/akan\/\" \/>\n<meta property=\"og:site_name\" content=\"Agricacao\" \/>\n<meta property=\"article:modified_time\" content=\"2025-07-21T16:00:13+00:00\" \/>\n<meta property=\"og:image\" content=\"https:\/\/agricacao.agrimontana.it\/wp-content\/uploads\/2025\/01\/LOGO-SUR-DEL-LAGO.webp\" \/>\n\t<meta property=\"og:image:width\" content=\"573\" \/>\n\t<meta property=\"og:image:height\" content=\"171\" \/>\n\t<meta property=\"og:image:type\" content=\"image\/webp\" \/>\n<meta name=\"twitter:card\" content=\"summary_large_image\" \/>\n<meta name=\"twitter:label1\" content=\"Dur\u00e9e de lecture estim\u00e9e\" \/>\n\t<meta name=\"twitter:data1\" content=\"9 minutes\" \/>\n<script type=\"application\/ld+json\" class=\"yoast-schema-graph\">{\"@context\":\"https:\/\/schema.org\",\"@graph\":[{\"@type\":\"WebPage\",\"@id\":\"https:\/\/agricacao.agrimontana.it\/fr\/index.php\/akan\/\",\"url\":\"https:\/\/agricacao.agrimontana.it\/fr\/index.php\/akan\/\",\"name\":\"Akan - Agricacao\",\"isPartOf\":{\"@id\":\"https:\/\/agricacao.agrimontana.it\/fr\/#website\"},\"primaryImageOfPage\":{\"@id\":\"https:\/\/agricacao.agrimontana.it\/fr\/index.php\/akan\/#primaryimage\"},\"image\":{\"@id\":\"https:\/\/agricacao.agrimontana.it\/fr\/index.php\/akan\/#primaryimage\"},\"thumbnailUrl\":\"https:\/\/agricacao.agrimontana.it\/wp-content\/uploads\/2025\/01\/LOGO-SUR-DEL-LAGO.webp\",\"datePublished\":\"2025-01-17T18:36:36+00:00\",\"dateModified\":\"2025-07-21T16:00:13+00:00\",\"breadcrumb\":{\"@id\":\"https:\/\/agricacao.agrimontana.it\/fr\/index.php\/akan\/#breadcrumb\"},\"inLanguage\":\"fr-FR\",\"potentialAction\":[{\"@type\":\"ReadAction\",\"target\":[\"https:\/\/agricacao.agrimontana.it\/fr\/index.php\/akan\/\"]}]},{\"@type\":\"ImageObject\",\"inLanguage\":\"fr-FR\",\"@id\":\"https:\/\/agricacao.agrimontana.it\/fr\/index.php\/akan\/#primaryimage\",\"url\":\"https:\/\/agricacao.agrimontana.it\/wp-content\/uploads\/2025\/01\/LOGO-SUR-DEL-LAGO.webp\",\"contentUrl\":\"https:\/\/agricacao.agrimontana.it\/wp-content\/uploads\/2025\/01\/LOGO-SUR-DEL-LAGO.webp\",\"width\":573,\"height\":171},{\"@type\":\"BreadcrumbList\",\"@id\":\"https:\/\/agricacao.agrimontana.it\/fr\/index.php\/akan\/#breadcrumb\",\"itemListElement\":[{\"@type\":\"ListItem\",\"position\":1,\"name\":\"Home\",\"item\":\"https:\/\/agricacao.agrimontana.it\/fr\/\"},{\"@type\":\"ListItem\",\"position\":2,\"name\":\"Akan\"}]},{\"@type\":\"WebSite\",\"@id\":\"https:\/\/agricacao.agrimontana.it\/fr\/#website\",\"url\":\"https:\/\/agricacao.agrimontana.it\/fr\/\",\"name\":\"Agricacao\",\"description\":\"Il cioccolato da copertura in formati e lavorazioni particolari.\",\"publisher\":{\"@id\":\"https:\/\/agricacao.agrimontana.it\/fr\/#organization\"},\"alternateName\":\"Agricacao\",\"potentialAction\":[{\"@type\":\"SearchAction\",\"target\":{\"@type\":\"EntryPoint\",\"urlTemplate\":\"https:\/\/agricacao.agrimontana.it\/fr\/?s={search_term_string}\"},\"query-input\":{\"@type\":\"PropertyValueSpecification\",\"valueRequired\":true,\"valueName\":\"search_term_string\"}}],\"inLanguage\":\"fr-FR\"},{\"@type\":\"Organization\",\"@id\":\"https:\/\/agricacao.agrimontana.it\/fr\/#organization\",\"name\":\"Agricacao - un Brand Agrimontana\",\"url\":\"https:\/\/agricacao.agrimontana.it\/fr\/\",\"logo\":{\"@type\":\"ImageObject\",\"inLanguage\":\"fr-FR\",\"@id\":\"https:\/\/agricacao.agrimontana.it\/fr\/#\/schema\/logo\/image\/\",\"url\":\"https:\/\/agricacao.agrimontana.it\/wp-content\/uploads\/2023\/09\/LOGO.png\",\"contentUrl\":\"https:\/\/agricacao.agrimontana.it\/wp-content\/uploads\/2023\/09\/LOGO.png\",\"width\":600,\"height\":227,\"caption\":\"Agricacao - un Brand Agrimontana\"},\"image\":{\"@id\":\"https:\/\/agricacao.agrimontana.it\/fr\/#\/schema\/logo\/image\/\"}}]}<\/script>\n<!-- \/ Yoast SEO plugin. -->","yoast_head_json":{"title":"Akan - Agricacao","robots":{"index":"index","follow":"follow","max-snippet":"max-snippet:-1","max-image-preview":"max-image-preview:large","max-video-preview":"max-video-preview:-1"},"canonical":"https:\/\/agricacao.agrimontana.it\/fr\/index.php\/akan\/","og_locale":"fr_FR","og_type":"article","og_title":"Akan - Agricacao","og_description":"Akan est le choix id\u00e9al pour ceux qui veulent un chocolat qui incarne l\u2019essence la plus authentique du cacao africain, un chocolat \u00e0 la fois riche et engageant, \u00e0 l\u2019image de la terre dont il est issu.Il s\u2019agit d\u2019une figure f\u00e9minine forte et d\u00e9cid\u00e9e, qui se dresse fi\u00e8re parmis les tons de rouge, de vert et d\u2019or. La fleur stylis\u00e9e de la rose du d\u00e9sert, ou lys impala, avec ses cinq p\u00e9tales de forme harmonieuse, repr\u00e9sente sa r\u00e9silience et son lien profond avec la nature. Akan est un chocolat qui combine les meilleures qualit\u00e9s des [&hellip;]","og_url":"https:\/\/agricacao.agrimontana.it\/fr\/index.php\/akan\/","og_site_name":"Agricacao","article_modified_time":"2025-07-21T16:00:13+00:00","og_image":[{"width":573,"height":171,"url":"https:\/\/agricacao.agrimontana.it\/wp-content\/uploads\/2025\/01\/LOGO-SUR-DEL-LAGO.webp","type":"image\/webp"}],"twitter_card":"summary_large_image","twitter_misc":{"Dur\u00e9e de lecture estim\u00e9e":"9 minutes"},"schema":{"@context":"https:\/\/schema.org","@graph":[{"@type":"WebPage","@id":"https:\/\/agricacao.agrimontana.it\/fr\/index.php\/akan\/","url":"https:\/\/agricacao.agrimontana.it\/fr\/index.php\/akan\/","name":"Akan - Agricacao","isPartOf":{"@id":"https:\/\/agricacao.agrimontana.it\/fr\/#website"},"primaryImageOfPage":{"@id":"https:\/\/agricacao.agrimontana.it\/fr\/index.php\/akan\/#primaryimage"},"image":{"@id":"https:\/\/agricacao.agrimontana.it\/fr\/index.php\/akan\/#primaryimage"},"thumbnailUrl":"https:\/\/agricacao.agrimontana.it\/wp-content\/uploads\/2025\/01\/LOGO-SUR-DEL-LAGO.webp","datePublished":"2025-01-17T18:36:36+00:00","dateModified":"2025-07-21T16:00:13+00:00","breadcrumb":{"@id":"https:\/\/agricacao.agrimontana.it\/fr\/index.php\/akan\/#breadcrumb"},"inLanguage":"fr-FR","potentialAction":[{"@type":"ReadAction","target":["https:\/\/agricacao.agrimontana.it\/fr\/index.php\/akan\/"]}]},{"@type":"ImageObject","inLanguage":"fr-FR","@id":"https:\/\/agricacao.agrimontana.it\/fr\/index.php\/akan\/#primaryimage","url":"https:\/\/agricacao.agrimontana.it\/wp-content\/uploads\/2025\/01\/LOGO-SUR-DEL-LAGO.webp","contentUrl":"https:\/\/agricacao.agrimontana.it\/wp-content\/uploads\/2025\/01\/LOGO-SUR-DEL-LAGO.webp","width":573,"height":171},{"@type":"BreadcrumbList","@id":"https:\/\/agricacao.agrimontana.it\/fr\/index.php\/akan\/#breadcrumb","itemListElement":[{"@type":"ListItem","position":1,"name":"Home","item":"https:\/\/agricacao.agrimontana.it\/fr\/"},{"@type":"ListItem","position":2,"name":"Akan"}]},{"@type":"WebSite","@id":"https:\/\/agricacao.agrimontana.it\/fr\/#website","url":"https:\/\/agricacao.agrimontana.it\/fr\/","name":"Agricacao","description":"Il cioccolato da copertura in formati e lavorazioni particolari.","publisher":{"@id":"https:\/\/agricacao.agrimontana.it\/fr\/#organization"},"alternateName":"Agricacao","potentialAction":[{"@type":"SearchAction","target":{"@type":"EntryPoint","urlTemplate":"https:\/\/agricacao.agrimontana.it\/fr\/?s={search_term_string}"},"query-input":{"@type":"PropertyValueSpecification","valueRequired":true,"valueName":"search_term_string"}}],"inLanguage":"fr-FR"},{"@type":"Organization","@id":"https:\/\/agricacao.agrimontana.it\/fr\/#organization","name":"Agricacao - un Brand Agrimontana","url":"https:\/\/agricacao.agrimontana.it\/fr\/","logo":{"@type":"ImageObject","inLanguage":"fr-FR","@id":"https:\/\/agricacao.agrimontana.it\/fr\/#\/schema\/logo\/image\/","url":"https:\/\/agricacao.agrimontana.it\/wp-content\/uploads\/2023\/09\/LOGO.png","contentUrl":"https:\/\/agricacao.agrimontana.it\/wp-content\/uploads\/2023\/09\/LOGO.png","width":600,"height":227,"caption":"Agricacao - un Brand Agrimontana"},"image":{"@id":"https:\/\/agricacao.agrimontana.it\/fr\/#\/schema\/logo\/image\/"}}]}},"_links":{"self":[{"href":"https:\/\/agricacao.agrimontana.it\/fr\/index.php\/wp-json\/wp\/v2\/pages\/22988608"}],"collection":[{"href":"https:\/\/agricacao.agrimontana.it\/fr\/index.php\/wp-json\/wp\/v2\/pages"}],"about":[{"href":"https:\/\/agricacao.agrimontana.it\/fr\/index.php\/wp-json\/wp\/v2\/types\/page"}],"author":[{"embeddable":true,"href":"https:\/\/agricacao.agrimontana.it\/fr\/index.php\/wp-json\/wp\/v2\/users\/2"}],"replies":[{"embeddable":true,"href":"https:\/\/agricacao.agrimontana.it\/fr\/index.php\/wp-json\/wp\/v2\/comments?post=22988608"}],"version-history":[{"count":5,"href":"https:\/\/agricacao.agrimontana.it\/fr\/index.php\/wp-json\/wp\/v2\/pages\/22988608\/revisions"}],"predecessor-version":[{"id":22988748,"href":"https:\/\/agricacao.agrimontana.it\/fr\/index.php\/wp-json\/wp\/v2\/pages\/22988608\/revisions\/22988748"}],"wp:featuredmedia":[{"embeddable":true,"href":"https:\/\/agricacao.agrimontana.it\/fr\/index.php\/wp-json\/wp\/v2\/media\/22988279"}],"wp:attachment":[{"href":"https:\/\/agricacao.agrimontana.it\/fr\/index.php\/wp-json\/wp\/v2\/media?parent=22988608"}],"curies":[{"name":"wp","href":"https:\/\/api.w.org\/{rel}","templated":true}]}}